{"id":4743,"date":"2025-08-21T19:06:46","date_gmt":"2025-08-21T19:06:46","guid":{"rendered":"https:\/\/clariceabreu.com.br\/?page_id=4743"},"modified":"2025-08-21T19:30:10","modified_gmt":"2025-08-21T19:30:10","slug":"faq","status":"publish","type":"page","link":"https:\/\/clariceabreu.com.br\/es\/faq\/","title":{"rendered":"Preguntas"},"content":{"rendered":"<div data-elementor-type=\"wp-page\" data-elementor-id=\"4743\" class=\"elementor elementor-4743\" data-elementor-post-type=\"page\">\n\t\t\t\t<div data-particle_enable=\"false\" data-particle-mobile-disabled=\"false\" class=\"elementor-element elementor-element-6eee422 e-flex e-con-boxed e-con e-parent\" data-id=\"6eee422\" data-element_type=\"container\" data-e-type=\"container\" data-settings=\"{&quot;background_background&quot;:&quot;classic&quot;,&quot;jet_parallax_layout_list&quot;:[]}\">\n\t\t\t\t\t<div class=\"e-con-inner\">\n\t\t<div data-particle_enable=\"false\" data-particle-mobile-disabled=\"false\" class=\"elementor-element elementor-element-a1808fe e-flex e-con-boxed e-con e-child\" data-id=\"a1808fe\" data-element_type=\"container\" data-e-type=\"container\" data-settings=\"{&quot;jet_parallax_layout_list&quot;:[]}\">\n\t\t\t\t\t<div class=\"e-con-inner\">\n\t\t\t\t<div class=\"elementor-element elementor-element-87818c9 elementor-widget elementor-widget-heading\" data-id=\"87818c9\" data-element_type=\"widget\" data-e-type=\"widget\" data-widget_type=\"heading.default\">\n\t\t\t\t\t<h2 class=\"elementor-heading-title elementor-size-default\">Preguntas<\/h2>\t\t\t\t<\/div>\n\t\t\t\t<div class=\"elementor-element elementor-element-fb8d6bb elementor-widget elementor-widget-text-editor\" data-id=\"fb8d6bb\" data-element_type=\"widget\" data-e-type=\"widget\" data-widget_type=\"text-editor.default\">\n\t\t\t\t\t\t\t\t\t<p>Haga aqu\u00ed todas sus preguntas.<\/p>\t\t\t\t\t\t\t\t<\/div>\n\t\t\t\t\t<\/div>\n\t\t\t\t<\/div>\n\t\t\t\t\t<\/div>\n\t\t\t\t<\/div>\n\t\t<div data-particle_enable=\"false\" data-particle-mobile-disabled=\"false\" class=\"elementor-element elementor-element-a8a1d02 e-flex e-con-boxed e-con e-parent\" data-id=\"a8a1d02\" data-element_type=\"container\" data-e-type=\"container\" data-settings=\"{&quot;background_background&quot;:&quot;classic&quot;,&quot;jet_parallax_layout_list&quot;:[]}\">\n\t\t\t\t\t<div class=\"e-con-inner\">\n\t\t<div data-particle_enable=\"false\" data-particle-mobile-disabled=\"false\" class=\"elementor-element elementor-element-a2c1077 e-con-full e-flex e-con e-child\" data-id=\"a2c1077\" data-element_type=\"container\" data-e-type=\"container\" data-settings=\"{&quot;background_background&quot;:&quot;classic&quot;,&quot;jet_parallax_layout_list&quot;:[]}\">\n\t\t\t\t<div class=\"elementor-element elementor-element-9a6404a elementor-widget elementor-widget-heading\" data-id=\"9a6404a\" data-element_type=\"widget\" data-e-type=\"widget\" data-widget_type=\"heading.default\">\n\t\t\t\t\t<h2 class=\"elementor-heading-title elementor-size-default\">Orejas<\/h2>\t\t\t\t<\/div>\n\t\t<div data-particle_enable=\"false\" data-particle-mobile-disabled=\"false\" class=\"elementor-element elementor-element-8edacc6 e-con-full e-flex e-con e-child\" data-id=\"8edacc6\" data-element_type=\"container\" data-e-type=\"container\" data-settings=\"{&quot;background_background&quot;:&quot;classic&quot;,&quot;jet_parallax_layout_list&quot;:[]}\">\n\t\t\t\t<div class=\"elementor-element elementor-element-10437d8 elementor-widget__width-inherit elementor-widget elementor-widget-eael-adv-accordion\" data-id=\"10437d8\" data-element_type=\"widget\" data-e-type=\"widget\" data-widget_type=\"eael-adv-accordion.default\">\n\t\t\t\t\t            <div class=\"eael-adv-accordion\" id=\"eael-adv-accordion-10437d8\" data-scroll-on-click=\"\" data-scroll-speed=\"300\" data-accordion-id=\"10437d8\" data-accordion-type=\"accordion\" data-toogle-speed=\"300\">\n            <div class=\"eael-accordion-list\">\n\t\t\t\t\t<div id=\"o-que-microtia\" class=\"elementor-tab-title eael-accordion-header\" tabindex=\"0\" data-tab=\"1\" aria-controls=\"elementor-tab-content-1701\"><span class=\"eael-advanced-accordion-icon-closed\"><svg aria-hidden=\"true\" class=\"fa-accordion-icon e-font-icon-svg e-fas-plus\" viewbox=\"0 0 448 512\" xmlns=\"http:\/\/www.w3.org\/2000\/svg\"><path d=\"M416 208H272V64c0-17.67-14.33-32-32-32h-32c-17.67 0-32 14.33-32 32v144H32c-17.67 0-32 14.33-32 32v32c0 17.67 14.33 32 32 32h144v144c0 17.67 14.33 32 32 32h32c17.67 0 32-14.33 32-32V304h144c17.67 0 32-14.33 32-32v-32c0-17.67-14.33-32-32-32z\"><\/path><\/svg><\/span><span class=\"eael-advanced-accordion-icon-opened\"><svg aria-hidden=\"true\" class=\"fa-accordion-icon e-font-icon-svg e-fas-minus\" viewbox=\"0 0 448 512\" xmlns=\"http:\/\/www.w3.org\/2000\/svg\"><path d=\"M416 208H32c-17.67 0-32 14.33-32 32v32c0 17.67 14.33 32 32 32h384c17.67 0 32-14.33 32-32v-32c0-17.67-14.33-32-32-32z\"><\/path><\/svg><\/span><span class=\"eael-accordion-tab-title\">\u00bfQu\u00e9 es la microtia?<\/span><svg aria-hidden=\"true\" class=\"fa-toggle e-font-icon-svg e-fas-angle-right\" viewbox=\"0 0 256 512\" xmlns=\"http:\/\/www.w3.org\/2000\/svg\"><path d=\"M224.3 273l-136 136c-9.4 9.4-24.6 9.4-33.9 0l-22.6-22.6c-9.4-9.4-9.4-24.6 0-33.9l96.4-96.4-96.4-96.4c-9.4-9.4-9.4-24.6 0-33.9L54.3 103c9.4-9.4 24.6-9.4 33.9 0l136 136c9.5 9.4 9.5 24.6.1 34z\"><\/path><\/svg><\/div><div id=\"elementor-tab-content-1701\" class=\"eael-accordion-content clearfix\" data-tab=\"1\" aria-labelledby=\"o-que-microtia\"><p>Visite www.clariceabreu\/Orelhas<\/p><p>La microtia es una malformaci\u00f3n cong\u00e9nita caracterizada por el subdesarrollo del o\u00eddo externo, que va desde una oreja peque\u00f1a y de forma inusual hasta la ausencia casi total de la oreja (anotia). Suele ser unilateral (afecta a un solo o\u00eddo) y puede asociarse a problemas de audici\u00f3n, ya que el conducto auditivo externo tambi\u00e9n puede estar poco desarrollado o ausente. El tratamiento suele consistir en reconstruir la oreja mediante cirug\u00eda pl\u00e1stica, utilizando cart\u00edlago de las costillas del propio paciente o implantes sint\u00e9ticos.<\/p><\/div>\n\t\t\t\t\t<\/div><div class=\"eael-accordion-list\">\n\t\t\t\t\t<div id=\"o-que-so-orelhas-proeminentes-orelhas-de-abano\" class=\"elementor-tab-title eael-accordion-header\" tabindex=\"0\" data-tab=\"2\" aria-controls=\"elementor-tab-content-1702\"><span class=\"eael-advanced-accordion-icon-closed\"><svg aria-hidden=\"true\" class=\"fa-accordion-icon e-font-icon-svg e-fas-plus\" viewbox=\"0 0 448 512\" xmlns=\"http:\/\/www.w3.org\/2000\/svg\"><path d=\"M416 208H272V64c0-17.67-14.33-32-32-32h-32c-17.67 0-32 14.33-32 32v144H32c-17.67 0-32 14.33-32 32v32c0 17.67 14.33 32 32 32h144v144c0 17.67 14.33 32 32 32h32c17.67 0 32-14.33 32-32V304h144c17.67 0 32-14.33 32-32v-32c0-17.67-14.33-32-32-32z\"><\/path><\/svg><\/span><span class=\"eael-advanced-accordion-icon-opened\"><svg aria-hidden=\"true\" class=\"fa-accordion-icon e-font-icon-svg e-fas-minus\" viewbox=\"0 0 448 512\" xmlns=\"http:\/\/www.w3.org\/2000\/svg\"><path d=\"M416 208H32c-17.67 0-32 14.33-32 32v32c0 17.67 14.33 32 32 32h384c17.67 0 32-14.33 32-32v-32c0-17.67-14.33-32-32-32z\"><\/path><\/svg><\/span><span class=\"eael-accordion-tab-title\">\u00bfQu\u00e9 son las orejas prominentes?<\/span><svg aria-hidden=\"true\" class=\"fa-toggle e-font-icon-svg e-fas-angle-right\" viewbox=\"0 0 256 512\" xmlns=\"http:\/\/www.w3.org\/2000\/svg\"><path d=\"M224.3 273l-136 136c-9.4 9.4-24.6 9.4-33.9 0l-22.6-22.6c-9.4-9.4-9.4-24.6 0-33.9l96.4-96.4-96.4-96.4c-9.4-9.4-9.4-24.6 0-33.9L54.3 103c9.4-9.4 24.6-9.4 33.9 0l136 136c9.5 9.4 9.5 24.6.1 34z\"><\/path><\/svg><\/div><div id=\"elementor-tab-content-1702\" class=\"eael-accordion-content clearfix\" data-tab=\"2\" aria-labelledby=\"o-que-so-orelhas-proeminentes-orelhas-de-abano\"><p>Visite www.clariceabreu\/Orelhas<\/p><p>Las orejas prominentes, conocidas popularmente como orejas ca\u00eddas, son una afecci\u00f3n est\u00e9tica frecuente en la que la oreja sobresale de la cabeza en un \u00e1ngulo mayor de lo normal. Esto se debe a un subdesarrollo o ausencia del pliegue antih\u00e9lix, que es el cart\u00edlago que ayuda a mantener la oreja pegada a la cabeza. La correcci\u00f3n se lleva a cabo mediante una intervenci\u00f3n quir\u00fargica denominada otoplastia, que recoloca el cart\u00edlago y crea el pliegue necesario, con lo que se consigue un aspecto m\u00e1s natural.<\/p><\/div>\n\t\t\t\t\t<\/div><div class=\"eael-accordion-list\">\n\t\t\t\t\t<div id=\"o-que-so-orelhas-constritas-orelhas-em-taa\" class=\"elementor-tab-title eael-accordion-header\" tabindex=\"0\" data-tab=\"3\" aria-controls=\"elementor-tab-content-1703\"><span class=\"eael-advanced-accordion-icon-closed\"><svg aria-hidden=\"true\" class=\"fa-accordion-icon e-font-icon-svg e-fas-plus\" viewbox=\"0 0 448 512\" xmlns=\"http:\/\/www.w3.org\/2000\/svg\"><path d=\"M416 208H272V64c0-17.67-14.33-32-32-32h-32c-17.67 0-32 14.33-32 32v144H32c-17.67 0-32 14.33-32 32v32c0 17.67 14.33 32 32 32h144v144c0 17.67 14.33 32 32 32h32c17.67 0 32-14.33 32-32V304h144c17.67 0 32-14.33 32-32v-32c0-17.67-14.33-32-32-32z\"><\/path><\/svg><\/span><span class=\"eael-advanced-accordion-icon-opened\"><svg aria-hidden=\"true\" class=\"fa-accordion-icon e-font-icon-svg e-fas-minus\" viewbox=\"0 0 448 512\" xmlns=\"http:\/\/www.w3.org\/2000\/svg\"><path d=\"M416 208H32c-17.67 0-32 14.33-32 32v32c0 17.67 14.33 32 32 32h384c17.67 0 32-14.33 32-32v-32c0-17.67-14.33-32-32-32z\"><\/path><\/svg><\/span><span class=\"eael-accordion-tab-title\">\u00bfQu\u00e9 son las orejas tapadas?<\/span><svg aria-hidden=\"true\" class=\"fa-toggle e-font-icon-svg e-fas-angle-right\" viewbox=\"0 0 256 512\" xmlns=\"http:\/\/www.w3.org\/2000\/svg\"><path d=\"M224.3 273l-136 136c-9.4 9.4-24.6 9.4-33.9 0l-22.6-22.6c-9.4-9.4-9.4-24.6 0-33.9l96.4-96.4-96.4-96.4c-9.4-9.4-9.4-24.6 0-33.9L54.3 103c9.4-9.4 24.6-9.4 33.9 0l136 136c9.5 9.4 9.5 24.6.1 34z\"><\/path><\/svg><\/div><div id=\"elementor-tab-content-1703\" class=\"eael-accordion-content clearfix\" data-tab=\"3\" aria-labelledby=\"o-que-so-orelhas-constritas-orelhas-em-taa\"><p>Visite www.clariceabreu\/Orelhas<\/p><p>Las orejas constre\u00f1idas son una malformaci\u00f3n poco frecuente en la que la parte superior de la oreja (h\u00e9lix) est\u00e1 arrugada o se pliega hacia abajo, dando la impresi\u00f3n de que la oreja est\u00e1 \"encapsulada\". Esta afecci\u00f3n puede ser leve o grave y, en algunos casos, el tejido cartilaginoso es excesivo o tiene una forma inusual. El tratamiento es quir\u00fargico y tiene por objeto remodelar y expandir el tejido cartilaginoso para restaurar la forma natural de la oreja.<\/p><p>\u00a0<\/p><\/div>\n\t\t\t\t\t<\/div><div class=\"eael-accordion-list\">\n\t\t\t\t\t<div id=\"o-que-so-orelhas-de-stahl\" class=\"elementor-tab-title eael-accordion-header\" tabindex=\"0\" data-tab=\"4\" aria-controls=\"elementor-tab-content-1704\"><span class=\"eael-advanced-accordion-icon-closed\"><svg aria-hidden=\"true\" class=\"fa-accordion-icon e-font-icon-svg e-fas-plus\" viewbox=\"0 0 448 512\" xmlns=\"http:\/\/www.w3.org\/2000\/svg\"><path d=\"M416 208H272V64c0-17.67-14.33-32-32-32h-32c-17.67 0-32 14.33-32 32v144H32c-17.67 0-32 14.33-32 32v32c0 17.67 14.33 32 32 32h144v144c0 17.67 14.33 32 32 32h32c17.67 0 32-14.33 32-32V304h144c17.67 0 32-14.33 32-32v-32c0-17.67-14.33-32-32-32z\"><\/path><\/svg><\/span><span class=\"eael-advanced-accordion-icon-opened\"><svg aria-hidden=\"true\" class=\"fa-accordion-icon e-font-icon-svg e-fas-minus\" viewbox=\"0 0 448 512\" xmlns=\"http:\/\/www.w3.org\/2000\/svg\"><path d=\"M416 208H32c-17.67 0-32 14.33-32 32v32c0 17.67 14.33 32 32 32h384c17.67 0 32-14.33 32-32v-32c0-17.67-14.33-32-32-32z\"><\/path><\/svg><\/span><span class=\"eael-accordion-tab-title\">\u00bfQu\u00e9 son las orejas de Stahl?<\/span><svg aria-hidden=\"true\" class=\"fa-toggle e-font-icon-svg e-fas-angle-right\" viewbox=\"0 0 256 512\" xmlns=\"http:\/\/www.w3.org\/2000\/svg\"><path d=\"M224.3 273l-136 136c-9.4 9.4-24.6 9.4-33.9 0l-22.6-22.6c-9.4-9.4-9.4-24.6 0-33.9l96.4-96.4-96.4-96.4c-9.4-9.4-9.4-24.6 0-33.9L54.3 103c9.4-9.4 24.6-9.4 33.9 0l136 136c9.5 9.4 9.5 24.6.1 34z\"><\/path><\/svg><\/div><div id=\"elementor-tab-content-1704\" class=\"eael-accordion-content clearfix\" data-tab=\"4\" aria-labelledby=\"o-que-so-orelhas-de-stahl\"><p>Visite www.clariceabreu\/Orelhas<\/p><p>Las orejas de Stahl se caracterizan por un pliegue anormal de cart\u00edlago en la parte superior de la oreja, que suele crear una forma puntiaguda, parecida a una \"oreja de elfo\" u \"oreja de Spock\". La malformaci\u00f3n est\u00e1 causada por un pliegue extra de cart\u00edlago, que da lugar a una forma triangular. El tratamiento es quir\u00fargico, y el cirujano remodela el cart\u00edlago para eliminar el pliegue sobrante y restaurar el contorno normal de la oreja.<\/p><\/div>\n\t\t\t\t\t<\/div><div class=\"eael-accordion-list\">\n\t\t\t\t\t<div id=\"o-que-macrotia\" class=\"elementor-tab-title eael-accordion-header\" tabindex=\"0\" data-tab=\"5\" aria-controls=\"elementor-tab-content-1705\"><span class=\"eael-advanced-accordion-icon-closed\"><svg aria-hidden=\"true\" class=\"fa-accordion-icon e-font-icon-svg e-fas-plus\" viewbox=\"0 0 448 512\" xmlns=\"http:\/\/www.w3.org\/2000\/svg\"><path d=\"M416 208H272V64c0-17.67-14.33-32-32-32h-32c-17.67 0-32 14.33-32 32v144H32c-17.67 0-32 14.33-32 32v32c0 17.67 14.33 32 32 32h144v144c0 17.67 14.33 32 32 32h32c17.67 0 32-14.33 32-32V304h144c17.67 0 32-14.33 32-32v-32c0-17.67-14.33-32-32-32z\"><\/path><\/svg><\/span><span class=\"eael-advanced-accordion-icon-opened\"><svg aria-hidden=\"true\" class=\"fa-accordion-icon e-font-icon-svg e-fas-minus\" viewbox=\"0 0 448 512\" xmlns=\"http:\/\/www.w3.org\/2000\/svg\"><path d=\"M416 208H32c-17.67 0-32 14.33-32 32v32c0 17.67 14.33 32 32 32h384c17.67 0 32-14.33 32-32v-32c0-17.67-14.33-32-32-32z\"><\/path><\/svg><\/span><span class=\"eael-accordion-tab-title\">\u00bfQu\u00e9 es la macrotia?<\/span><svg aria-hidden=\"true\" class=\"fa-toggle e-font-icon-svg e-fas-angle-right\" viewbox=\"0 0 256 512\" xmlns=\"http:\/\/www.w3.org\/2000\/svg\"><path d=\"M224.3 273l-136 136c-9.4 9.4-24.6 9.4-33.9 0l-22.6-22.6c-9.4-9.4-9.4-24.6 0-33.9l96.4-96.4-96.4-96.4c-9.4-9.4-9.4-24.6 0-33.9L54.3 103c9.4-9.4 24.6-9.4 33.9 0l136 136c9.5 9.4 9.5 24.6.1 34z\"><\/path><\/svg><\/div><div id=\"elementor-tab-content-1705\" class=\"eael-accordion-content clearfix\" data-tab=\"5\" aria-labelledby=\"o-que-macrotia\"><p>Visite www.clariceabreu\/Orelhas<\/p><p>La macrotia es lo contrario de la microtia y se caracteriza por un o\u00eddo externo excesivamente grande en comparaci\u00f3n con el tama\u00f1o de la cabeza. Esta afecci\u00f3n es puramente est\u00e9tica y no afecta a la audici\u00f3n. El tratamiento es la cirug\u00eda de reducci\u00f3n de orejas, en la que el cirujano elimina el exceso de piel y cart\u00edlago para reducir el tama\u00f1o de la oreja, proporcionando un aspecto m\u00e1s equilibrado con la cara.<\/p><\/div>\n\t\t\t\t\t<\/div><div class=\"eael-accordion-list\">\n\t\t\t\t\t<div id=\"quais-as-causas-das-malformaes-\" class=\"elementor-tab-title eael-accordion-header\" tabindex=\"0\" data-tab=\"6\" aria-controls=\"elementor-tab-content-1706\"><span class=\"eael-advanced-accordion-icon-closed\"><svg aria-hidden=\"true\" class=\"fa-accordion-icon e-font-icon-svg e-fas-plus\" viewbox=\"0 0 448 512\" xmlns=\"http:\/\/www.w3.org\/2000\/svg\"><path d=\"M416 208H272V64c0-17.67-14.33-32-32-32h-32c-17.67 0-32 14.33-32 32v144H32c-17.67 0-32 14.33-32 32v32c0 17.67 14.33 32 32 32h144v144c0 17.67 14.33 32 32 32h32c17.67 0 32-14.33 32-32V304h144c17.67 0 32-14.33 32-32v-32c0-17.67-14.33-32-32-32z\"><\/path><\/svg><\/span><span class=\"eael-advanced-accordion-icon-opened\"><svg aria-hidden=\"true\" class=\"fa-accordion-icon e-font-icon-svg e-fas-minus\" viewbox=\"0 0 448 512\" xmlns=\"http:\/\/www.w3.org\/2000\/svg\"><path d=\"M416 208H32c-17.67 0-32 14.33-32 32v32c0 17.67 14.33 32 32 32h384c17.67 0 32-14.33 32-32v-32c0-17.67-14.33-32-32-32z\"><\/path><\/svg><\/span><span class=\"eael-accordion-tab-title\">\u00bfCu\u00e1les son las causas de las malformaciones? <\/span><svg aria-hidden=\"true\" class=\"fa-toggle e-font-icon-svg e-fas-angle-right\" viewbox=\"0 0 256 512\" xmlns=\"http:\/\/www.w3.org\/2000\/svg\"><path d=\"M224.3 273l-136 136c-9.4 9.4-24.6 9.4-33.9 0l-22.6-22.6c-9.4-9.4-9.4-24.6 0-33.9l96.4-96.4-96.4-96.4c-9.4-9.4-9.4-24.6 0-33.9L54.3 103c9.4-9.4 24.6-9.4 33.9 0l136 136c9.5 9.4 9.5 24.6.1 34z\"><\/path><\/svg><\/div><div id=\"elementor-tab-content-1706\" class=\"eael-accordion-content clearfix\" data-tab=\"6\" aria-labelledby=\"quais-as-causas-das-malformaes-\"><p>Visite www.clariceabreu\/Orelhas<\/p><p>Las malformaciones de o\u00eddo, que pueden ser leves o graves, est\u00e1n causadas por una combinaci\u00f3n de factores gen\u00e9ticos y ambientales, o incluso por un origen desconocido. Es importante saber que estas afecciones son cong\u00e9nitas, es decir, que el beb\u00e9 nace con ellas. Las causas pueden dividirse en dos tipos principales:<\/p><p>Factores gen\u00e9ticos<br \/>Algunas malformaciones de oreja son el resultado de mutaciones gen\u00e9ticas, que pueden heredarse de los padres o producirse espont\u00e1neamente. En muchos casos, la malformaci\u00f3n de la oreja forma parte de un s\u00edndrome m\u00e1s amplio que afecta a otras partes del cuerpo, como el s\u00edndrome de Treacher Collins, el s\u00edndrome de Goldenhar y el s\u00edndrome de Down.<\/p><p>Factores medioambientales<br \/>Estos factores se denominan terat\u00f3genos, es decir, sustancias o agentes externos que pueden perjudicar el desarrollo del beb\u00e9 durante el embarazo. La exposici\u00f3n de la madre a algunos de ellos, sobre todo en los primeros meses de embarazo, puede aumentar el riesgo de malformaciones, incluidas las del o\u00eddo. Entre los principales factores ambientales se encuentran:<\/p><p>Consumo de determinadas sustancias: alcohol, tabaco y algunas drogas.<br \/>Medicamentos: Medicamentos como el \u00e1cido retinoico y la talidomida.<br \/>Enfermedades maternas: algunas infecciones, como la rub\u00e9ola, y afecciones como la diabetes.<\/p><\/div>\n\t\t\t\t\t<\/div><div class=\"eael-accordion-list\">\n\t\t\t\t\t<div id=\"como-as-malformaes-afetam-a-audio\" class=\"elementor-tab-title eael-accordion-header\" tabindex=\"0\" data-tab=\"7\" aria-controls=\"elementor-tab-content-1707\"><span class=\"eael-advanced-accordion-icon-closed\"><svg aria-hidden=\"true\" class=\"fa-accordion-icon e-font-icon-svg e-fas-plus\" viewbox=\"0 0 448 512\" xmlns=\"http:\/\/www.w3.org\/2000\/svg\"><path d=\"M416 208H272V64c0-17.67-14.33-32-32-32h-32c-17.67 0-32 14.33-32 32v144H32c-17.67 0-32 14.33-32 32v32c0 17.67 14.33 32 32 32h144v144c0 17.67 14.33 32 32 32h32c17.67 0 32-14.33 32-32V304h144c17.67 0 32-14.33 32-32v-32c0-17.67-14.33-32-32-32z\"><\/path><\/svg><\/span><span class=\"eael-advanced-accordion-icon-opened\"><svg aria-hidden=\"true\" class=\"fa-accordion-icon e-font-icon-svg e-fas-minus\" viewbox=\"0 0 448 512\" xmlns=\"http:\/\/www.w3.org\/2000\/svg\"><path d=\"M416 208H32c-17.67 0-32 14.33-32 32v32c0 17.67 14.33 32 32 32h384c17.67 0 32-14.33 32-32v-32c0-17.67-14.33-32-32-32z\"><\/path><\/svg><\/span><span class=\"eael-accordion-tab-title\">\u00bfC\u00f3mo afectan las malformaciones a la audici\u00f3n?<\/span><svg aria-hidden=\"true\" class=\"fa-toggle e-font-icon-svg e-fas-angle-right\" viewbox=\"0 0 256 512\" xmlns=\"http:\/\/www.w3.org\/2000\/svg\"><path d=\"M224.3 273l-136 136c-9.4 9.4-24.6 9.4-33.9 0l-22.6-22.6c-9.4-9.4-9.4-24.6 0-33.9l96.4-96.4-96.4-96.4c-9.4-9.4-9.4-24.6 0-33.9L54.3 103c9.4-9.4 24.6-9.4 33.9 0l136 136c9.5 9.4 9.5 24.6.1 34z\"><\/path><\/svg><\/div><div id=\"elementor-tab-content-1707\" class=\"eael-accordion-content clearfix\" data-tab=\"7\" aria-labelledby=\"como-as-malformaes-afetam-a-audio\"><p>Visite www.clariceabreu\/Orelhas<\/p><p>Las malformaciones del o\u00eddo pueden afectar a la audici\u00f3n de diversas maneras, dependiendo de la zona del o\u00eddo afectada. Las principales evaluaciones para entender el impacto son las del conducto auditivo externo y la c\u00f3clea (o\u00eddo interno).<\/p><p>Canal auditivo externo: Malformaciones como la atresia (ausencia o cierre del canal) o la microtia (subdesarrollo del o\u00eddo externo) impiden que las ondas sonoras lleguen al t\u00edmpano. Esto provoca una p\u00e9rdida de audici\u00f3n conductiva, en la que el sonido es amortiguado y dif\u00edcil de transmitir al o\u00eddo interno.<\/p><p>C\u00f3clea (o\u00eddo interno): Aunque la c\u00f3clea suele estar bien desarrollada incluso en casos de malformaciones externas, la evaluaci\u00f3n es crucial. En algunos casos, la malformaci\u00f3n puede incluir la propia c\u00f3clea, lo que da lugar a una p\u00e9rdida auditiva neurosensorial. Este tipo de p\u00e9rdida es m\u00e1s grave porque afecta a las c\u00e9lulas responsables de convertir el sonido en se\u00f1ales el\u00e9ctricas para el cerebro.<\/p><p>El tipo y el grado de p\u00e9rdida auditiva var\u00edan mucho. Por eso es esencial una evaluaci\u00f3n detallada por un especialista, como pruebas de imagen y audiometr\u00eda, para obtener un diagn\u00f3stico preciso y definir el tratamiento adecuado, que puede incluir aud\u00edfonos o, en casos espec\u00edficos, implantes cocleares.<\/p><p>\u00a0<\/p><\/div>\n\t\t\t\t\t<\/div><div class=\"eael-accordion-list\">\n\t\t\t\t\t<div id=\"quais-os-tratamentos-disponveis-para-as-malformaes\" class=\"elementor-tab-title eael-accordion-header\" tabindex=\"0\" data-tab=\"8\" aria-controls=\"elementor-tab-content-1708\"><span class=\"eael-advanced-accordion-icon-closed\"><svg aria-hidden=\"true\" class=\"fa-accordion-icon e-font-icon-svg e-fas-plus\" viewbox=\"0 0 448 512\" xmlns=\"http:\/\/www.w3.org\/2000\/svg\"><path d=\"M416 208H272V64c0-17.67-14.33-32-32-32h-32c-17.67 0-32 14.33-32 32v144H32c-17.67 0-32 14.33-32 32v32c0 17.67 14.33 32 32 32h144v144c0 17.67 14.33 32 32 32h32c17.67 0 32-14.33 32-32V304h144c17.67 0 32-14.33 32-32v-32c0-17.67-14.33-32-32-32z\"><\/path><\/svg><\/span><span class=\"eael-advanced-accordion-icon-opened\"><svg aria-hidden=\"true\" class=\"fa-accordion-icon e-font-icon-svg e-fas-minus\" viewbox=\"0 0 448 512\" xmlns=\"http:\/\/www.w3.org\/2000\/svg\"><path d=\"M416 208H32c-17.67 0-32 14.33-32 32v32c0 17.67 14.33 32 32 32h384c17.67 0 32-14.33 32-32v-32c0-17.67-14.33-32-32-32z\"><\/path><\/svg><\/span><span class=\"eael-accordion-tab-title\">\u00bfQu\u00e9 tratamientos existen para las malformaciones?<\/span><svg aria-hidden=\"true\" class=\"fa-toggle e-font-icon-svg e-fas-angle-right\" viewbox=\"0 0 256 512\" xmlns=\"http:\/\/www.w3.org\/2000\/svg\"><path d=\"M224.3 273l-136 136c-9.4 9.4-24.6 9.4-33.9 0l-22.6-22.6c-9.4-9.4-9.4-24.6 0-33.9l96.4-96.4-96.4-96.4c-9.4-9.4-9.4-24.6 0-33.9L54.3 103c9.4-9.4 24.6-9.4 33.9 0l136 136c9.5 9.4 9.5 24.6.1 34z\"><\/path><\/svg><\/div><div id=\"elementor-tab-content-1708\" class=\"eael-accordion-content clearfix\" data-tab=\"8\" aria-labelledby=\"quais-os-tratamentos-disponveis-para-as-malformaes\"><p>Visite www.clariceabreu\/Orelhas<\/p><p>El tratamiento de las malformaciones auriculares puede variar mucho en funci\u00f3n del tipo y la gravedad de la deformidad. Los principales enfoques incluyen:<\/p><p>Tratamientos quir\u00fargicos: Son la opci\u00f3n m\u00e1s habitual y definitiva. En la mayor\u00eda de los casos, la cirug\u00eda de reconstrucci\u00f3n de la oreja (otoplastia) utiliza el propio cart\u00edlago de la persona para remodelar la oreja. Tambi\u00e9n es posible utilizar pr\u00f3tesis de materiales como el polietileno poroso para reconstruir la oreja.<\/p><p>Aud\u00edfonos: En los casos en los que existe una p\u00e9rdida de audici\u00f3n asociada a la malformaci\u00f3n (principalmente en el o\u00eddo externo y medio), pueden estar indicados los aud\u00edfonos para mejorar la capacidad auditiva. Las pr\u00f3tesis osteointegradas son una opci\u00f3n habitual para desviar el sonido a trav\u00e9s del hueso, sorteando la malformaci\u00f3n.<\/p><p>Tratamientos no quir\u00fargicos (modelado): En los reci\u00e9n nacidos, el modelado de la oreja con moldes y cintas puede corregir algunas deformidades leves de forma no invasiva, aprovechando la maleabilidad del cart\u00edlago en esta etapa de la vida.<\/p><\/div>\n\t\t\t\t\t<\/div><div class=\"eael-accordion-list\">\n\t\t\t\t\t<div id=\"as-malformaes-podem-afetar-outras-partes-do-corpo\" class=\"elementor-tab-title eael-accordion-header\" tabindex=\"0\" data-tab=\"9\" aria-controls=\"elementor-tab-content-1709\"><span class=\"eael-advanced-accordion-icon-closed\"><svg aria-hidden=\"true\" class=\"fa-accordion-icon e-font-icon-svg e-fas-plus\" viewbox=\"0 0 448 512\" xmlns=\"http:\/\/www.w3.org\/2000\/svg\"><path d=\"M416 208H272V64c0-17.67-14.33-32-32-32h-32c-17.67 0-32 14.33-32 32v144H32c-17.67 0-32 14.33-32 32v32c0 17.67 14.33 32 32 32h144v144c0 17.67 14.33 32 32 32h32c17.67 0 32-14.33 32-32V304h144c17.67 0 32-14.33 32-32v-32c0-17.67-14.33-32-32-32z\"><\/path><\/svg><\/span><span class=\"eael-advanced-accordion-icon-opened\"><svg aria-hidden=\"true\" class=\"fa-accordion-icon e-font-icon-svg e-fas-minus\" viewbox=\"0 0 448 512\" xmlns=\"http:\/\/www.w3.org\/2000\/svg\"><path d=\"M416 208H32c-17.67 0-32 14.33-32 32v32c0 17.67 14.33 32 32 32h384c17.67 0 32-14.33 32-32v-32c0-17.67-14.33-32-32-32z\"><\/path><\/svg><\/span><span class=\"eael-accordion-tab-title\">\u00bfLas malformaciones pueden afectar a otras partes del cuerpo?<\/span><svg aria-hidden=\"true\" class=\"fa-toggle e-font-icon-svg e-fas-angle-right\" viewbox=\"0 0 256 512\" xmlns=\"http:\/\/www.w3.org\/2000\/svg\"><path d=\"M224.3 273l-136 136c-9.4 9.4-24.6 9.4-33.9 0l-22.6-22.6c-9.4-9.4-9.4-24.6 0-33.9l96.4-96.4-96.4-96.4c-9.4-9.4-9.4-24.6 0-33.9L54.3 103c9.4-9.4 24.6-9.4 33.9 0l136 136c9.5 9.4 9.5 24.6.1 34z\"><\/path><\/svg><\/div><div id=\"elementor-tab-content-1709\" class=\"eael-accordion-content clearfix\" data-tab=\"9\" aria-labelledby=\"as-malformaes-podem-afetar-outras-partes-do-corpo\"><p>Visite www.clariceabreu\/Orelhas<\/p><p>S\u00ed, las malformaciones de las orejas pueden asociarse a otras anomal\u00edas y s\u00edndromes. Pueden ser signo de problemas en el desarrollo de otras partes del cuerpo, como los ri\u00f1ones, el coraz\u00f3n, la columna vertebral y la cara. Por eso es importante la evaluaci\u00f3n de un m\u00e9dico especialista para comprobar si hay otras afecciones que deban controlarse.<\/p><\/div>\n\t\t\t\t\t<\/div><div class=\"eael-accordion-list\">\n\t\t\t\t\t<div id=\"qual-a-diferena-entre-malformao-e-deformao\" class=\"elementor-tab-title eael-accordion-header\" tabindex=\"0\" data-tab=\"10\" aria-controls=\"elementor-tab-content-17010\"><span class=\"eael-advanced-accordion-icon-closed\"><svg aria-hidden=\"true\" class=\"fa-accordion-icon e-font-icon-svg e-fas-plus\" viewbox=\"0 0 448 512\" xmlns=\"http:\/\/www.w3.org\/2000\/svg\"><path d=\"M416 208H272V64c0-17.67-14.33-32-32-32h-32c-17.67 0-32 14.33-32 32v144H32c-17.67 0-32 14.33-32 32v32c0 17.67 14.33 32 32 32h144v144c0 17.67 14.33 32 32 32h32c17.67 0 32-14.33 32-32V304h144c17.67 0 32-14.33 32-32v-32c0-17.67-14.33-32-32-32z\"><\/path><\/svg><\/span><span class=\"eael-advanced-accordion-icon-opened\"><svg aria-hidden=\"true\" class=\"fa-accordion-icon e-font-icon-svg e-fas-minus\" viewbox=\"0 0 448 512\" xmlns=\"http:\/\/www.w3.org\/2000\/svg\"><path d=\"M416 208H32c-17.67 0-32 14.33-32 32v32c0 17.67 14.33 32 32 32h384c17.67 0 32-14.33 32-32v-32c0-17.67-14.33-32-32-32z\"><\/path><\/svg><\/span><span class=\"eael-accordion-tab-title\">\u00bfCu\u00e1l es la diferencia entre malformaci\u00f3n y deformaci\u00f3n?<\/span><svg aria-hidden=\"true\" class=\"fa-toggle e-font-icon-svg e-fas-angle-right\" viewbox=\"0 0 256 512\" xmlns=\"http:\/\/www.w3.org\/2000\/svg\"><path d=\"M224.3 273l-136 136c-9.4 9.4-24.6 9.4-33.9 0l-22.6-22.6c-9.4-9.4-9.4-24.6 0-33.9l96.4-96.4-96.4-96.4c-9.4-9.4-9.4-24.6 0-33.9L54.3 103c9.4-9.4 24.6-9.4 33.9 0l136 136c9.5 9.4 9.5 24.6.1 34z\"><\/path><\/svg><\/div><div id=\"elementor-tab-content-17010\" class=\"eael-accordion-content clearfix\" data-tab=\"10\" aria-labelledby=\"qual-a-diferena-entre-malformao-e-deformao\"><p>Visite www.clariceabreu\/Orelhas<\/p><p>Es interesante entender la diferencia entre malformaci\u00f3n y deformaci\u00f3n. Malformaci\u00f3n: Se trata de un problema en la formaci\u00f3n de la oreja, faltando alg\u00fan elemento anat\u00f3mico. Suele tener una causa gen\u00e9tica. En el caso de una deformaci\u00f3n, la oreja se form\u00f3 correctamente, pero fue abollada o alterada por factores mec\u00e1nicos durante el embarazo, como la posici\u00f3n del beb\u00e9 en el \u00fatero o la presi\u00f3n de la placenta. En estos casos, la causa no es gen\u00e9tica.<\/p><\/div>\n\t\t\t\t\t<\/div><\/div>\t\t\t\t<\/div>\n\t\t\t\t<\/div>\n\t\t\t\t<\/div>\n\t\t<div data-particle_enable=\"false\" data-particle-mobile-disabled=\"false\" class=\"elementor-element elementor-element-87d300e e-con-full e-flex e-con e-child\" data-id=\"87d300e\" data-element_type=\"container\" data-e-type=\"container\" data-settings=\"{&quot;background_background&quot;:&quot;classic&quot;,&quot;jet_parallax_layout_list&quot;:[]}\">\n\t\t\t\t<div class=\"elementor-element elementor-element-173598e elementor-widget elementor-widget-heading\" data-id=\"173598e\" data-element_type=\"widget\" data-e-type=\"widget\" data-widget_type=\"heading.default\">\n\t\t\t\t\t<h2 class=\"elementor-heading-title elementor-size-default\">Craneostenosis<\/h2>\t\t\t\t<\/div>\n\t\t<div data-particle_enable=\"false\" data-particle-mobile-disabled=\"false\" class=\"elementor-element elementor-element-c0e1f8a e-con-full e-flex e-con e-child\" data-id=\"c0e1f8a\" data-element_type=\"container\" data-e-type=\"container\" data-settings=\"{&quot;background_background&quot;:&quot;classic&quot;,&quot;jet_parallax_layout_list&quot;:[]}\">\n\t\t\t\t<div class=\"elementor-element elementor-element-d5abc20 elementor-widget__width-inherit elementor-widget elementor-widget-eael-adv-accordion\" data-id=\"d5abc20\" data-element_type=\"widget\" data-e-type=\"widget\" data-widget_type=\"eael-adv-accordion.default\">\n\t\t\t\t\t            <div class=\"eael-adv-accordion\" id=\"eael-adv-accordion-d5abc20\" data-scroll-on-click=\"\" data-scroll-speed=\"300\" data-accordion-id=\"d5abc20\" data-accordion-type=\"accordion\" data-toogle-speed=\"300\">\n            <div class=\"eael-accordion-list\">\n\t\t\t\t\t<div id=\"o-que-cranioestenose\" class=\"elementor-tab-title eael-accordion-header\" tabindex=\"0\" data-tab=\"1\" aria-controls=\"elementor-tab-content-2241\"><span class=\"eael-advanced-accordion-icon-closed\"><svg aria-hidden=\"true\" class=\"fa-accordion-icon e-font-icon-svg e-fas-plus\" viewbox=\"0 0 448 512\" xmlns=\"http:\/\/www.w3.org\/2000\/svg\"><path d=\"M416 208H272V64c0-17.67-14.33-32-32-32h-32c-17.67 0-32 14.33-32 32v144H32c-17.67 0-32 14.33-32 32v32c0 17.67 14.33 32 32 32h144v144c0 17.67 14.33 32 32 32h32c17.67 0 32-14.33 32-32V304h144c17.67 0 32-14.33 32-32v-32c0-17.67-14.33-32-32-32z\"><\/path><\/svg><\/span><span class=\"eael-advanced-accordion-icon-opened\"><svg aria-hidden=\"true\" class=\"fa-accordion-icon e-font-icon-svg e-fas-minus\" viewbox=\"0 0 448 512\" xmlns=\"http:\/\/www.w3.org\/2000\/svg\"><path d=\"M416 208H32c-17.67 0-32 14.33-32 32v32c0 17.67 14.33 32 32 32h384c17.67 0 32-14.33 32-32v-32c0-17.67-14.33-32-32-32z\"><\/path><\/svg><\/span><span class=\"eael-accordion-tab-title\">\u00bfQu\u00e9 es la craneostenosis?<\/span><svg aria-hidden=\"true\" class=\"fa-toggle e-font-icon-svg e-fas-angle-right\" viewbox=\"0 0 256 512\" xmlns=\"http:\/\/www.w3.org\/2000\/svg\"><path d=\"M224.3 273l-136 136c-9.4 9.4-24.6 9.4-33.9 0l-22.6-22.6c-9.4-9.4-9.4-24.6 0-33.9l96.4-96.4-96.4-96.4c-9.4-9.4-9.4-24.6 0-33.9L54.3 103c9.4-9.4 24.6-9.4 33.9 0l136 136c9.5 9.4 9.5 24.6.1 34z\"><\/path><\/svg><\/div><div id=\"elementor-tab-content-2241\" class=\"eael-accordion-content clearfix\" data-tab=\"1\" aria-labelledby=\"o-que-cranioestenose\"><p>Encuentre un cirujano craneofacial. Visita www.clariceabreu\/craniostenosis<\/p><p>La craneoestenosis es el cierre prematuro de una o varias suturas craneales (las l\u00edneas de uni\u00f3n entre los huesos del cr\u00e1neo). Esto impide que el cr\u00e1neo crezca con normalidad y puede provocar cambios en la forma de la cabeza y, en algunos casos, afectar al desarrollo del cerebro.<\/p><\/div>\n\t\t\t\t\t<\/div><div class=\"eael-accordion-list\">\n\t\t\t\t\t<div id=\"quais-so-os-tipos-de-cranioestenose\" class=\"elementor-tab-title eael-accordion-header\" tabindex=\"0\" data-tab=\"2\" aria-controls=\"elementor-tab-content-2242\"><span class=\"eael-advanced-accordion-icon-closed\"><svg aria-hidden=\"true\" class=\"fa-accordion-icon e-font-icon-svg e-fas-plus\" viewbox=\"0 0 448 512\" xmlns=\"http:\/\/www.w3.org\/2000\/svg\"><path d=\"M416 208H272V64c0-17.67-14.33-32-32-32h-32c-17.67 0-32 14.33-32 32v144H32c-17.67 0-32 14.33-32 32v32c0 17.67 14.33 32 32 32h144v144c0 17.67 14.33 32 32 32h32c17.67 0 32-14.33 32-32V304h144c17.67 0 32-14.33 32-32v-32c0-17.67-14.33-32-32-32z\"><\/path><\/svg><\/span><span class=\"eael-advanced-accordion-icon-opened\"><svg aria-hidden=\"true\" class=\"fa-accordion-icon e-font-icon-svg e-fas-minus\" viewbox=\"0 0 448 512\" xmlns=\"http:\/\/www.w3.org\/2000\/svg\"><path d=\"M416 208H32c-17.67 0-32 14.33-32 32v32c0 17.67 14.33 32 32 32h384c17.67 0 32-14.33 32-32v-32c0-17.67-14.33-32-32-32z\"><\/path><\/svg><\/span><span class=\"eael-accordion-tab-title\">\u00bfCu\u00e1les son los tipos de craneostenosis?<\/span><svg aria-hidden=\"true\" class=\"fa-toggle e-font-icon-svg e-fas-angle-right\" viewbox=\"0 0 256 512\" xmlns=\"http:\/\/www.w3.org\/2000\/svg\"><path d=\"M224.3 273l-136 136c-9.4 9.4-24.6 9.4-33.9 0l-22.6-22.6c-9.4-9.4-9.4-24.6 0-33.9l96.4-96.4-96.4-96.4c-9.4-9.4-9.4-24.6 0-33.9L54.3 103c9.4-9.4 24.6-9.4 33.9 0l136 136c9.5 9.4 9.5 24.6.1 34z\"><\/path><\/svg><\/div><div id=\"elementor-tab-content-2242\" class=\"eael-accordion-content clearfix\" data-tab=\"2\" aria-labelledby=\"quais-so-os-tipos-de-cranioestenose\"><p>Encuentre un cirujano craneofacial. Visita www.clariceabreu\/craniostenosis<\/p><p>La craneoestenosis puede clasificarse como no sindr\u00f3mica (aislada) o sindr\u00f3mica. <br \/>La craneostenosis no sindr\u00f3mica s\u00f3lo implica la fusi\u00f3n precoz de las suturas craneales, mientras que la craneostenosis sindr\u00f3mica se asocia a s\u00edndromes gen\u00e9ticos que afectan a otras partes del cuerpo. Los tipos m\u00e1s comunes son la escafocefalia (cr\u00e1neo alargado), la plagiocefalia (asimetr\u00eda del cr\u00e1neo), la trigonocefalia (frente triangular) y la braquicefalia (cr\u00e1neo corto y ancho).<\/p><\/div>\n\t\t\t\t\t<\/div><div class=\"eael-accordion-list\">\n\t\t\t\t\t<div id=\"quais-so-as-causas-da-cranioestenose\" class=\"elementor-tab-title eael-accordion-header\" tabindex=\"0\" data-tab=\"3\" aria-controls=\"elementor-tab-content-2243\"><span class=\"eael-advanced-accordion-icon-closed\"><svg aria-hidden=\"true\" class=\"fa-accordion-icon e-font-icon-svg e-fas-plus\" viewbox=\"0 0 448 512\" xmlns=\"http:\/\/www.w3.org\/2000\/svg\"><path d=\"M416 208H272V64c0-17.67-14.33-32-32-32h-32c-17.67 0-32 14.33-32 32v144H32c-17.67 0-32 14.33-32 32v32c0 17.67 14.33 32 32 32h144v144c0 17.67 14.33 32 32 32h32c17.67 0 32-14.33 32-32V304h144c17.67 0 32-14.33 32-32v-32c0-17.67-14.33-32-32-32z\"><\/path><\/svg><\/span><span class=\"eael-advanced-accordion-icon-opened\"><svg aria-hidden=\"true\" class=\"fa-accordion-icon e-font-icon-svg e-fas-minus\" viewbox=\"0 0 448 512\" xmlns=\"http:\/\/www.w3.org\/2000\/svg\"><path d=\"M416 208H32c-17.67 0-32 14.33-32 32v32c0 17.67 14.33 32 32 32h384c17.67 0 32-14.33 32-32v-32c0-17.67-14.33-32-32-32z\"><\/path><\/svg><\/span><span class=\"eael-accordion-tab-title\">\u00bfCu\u00e1les son las causas de la craneostenosis?<\/span><svg aria-hidden=\"true\" class=\"fa-toggle e-font-icon-svg e-fas-angle-right\" viewbox=\"0 0 256 512\" xmlns=\"http:\/\/www.w3.org\/2000\/svg\"><path d=\"M224.3 273l-136 136c-9.4 9.4-24.6 9.4-33.9 0l-22.6-22.6c-9.4-9.4-9.4-24.6 0-33.9l96.4-96.4-96.4-96.4c-9.4-9.4-9.4-24.6 0-33.9L54.3 103c9.4-9.4 24.6-9.4 33.9 0l136 136c9.5 9.4 9.5 24.6.1 34z\"><\/path><\/svg><\/div><div id=\"elementor-tab-content-2243\" class=\"eael-accordion-content clearfix\" data-tab=\"3\" aria-labelledby=\"quais-so-as-causas-da-cranioestenose\"><p>Encuentre un cirujano craneofacial. Visita www.clariceabreu\/craniostenosis<\/p><p>La causa de la craneoestenosis no sindr\u00f3mica no siempre se conoce, pero puede haber una combinaci\u00f3n de factores gen\u00e9ticos y ambientales. La craneoestenosis sindr\u00f3mica est\u00e1 causada por alteraciones gen\u00e9ticas espec\u00edficas asociadas a s\u00edndromes gen\u00e9ticos. Otros factores, como la posici\u00f3n fetal, la edad materna avanzada, el tabaquismo y el uso de ciertos medicamentos durante el embarazo, tambi\u00e9n pueden aumentar el riesgo.<\/p><\/div>\n\t\t\t\t\t<\/div><div class=\"eael-accordion-list\">\n\t\t\t\t\t<div id=\"como-feito-o-diagnstico-da-cranioestenose\" class=\"elementor-tab-title eael-accordion-header\" tabindex=\"0\" data-tab=\"4\" aria-controls=\"elementor-tab-content-2244\"><span class=\"eael-advanced-accordion-icon-closed\"><svg aria-hidden=\"true\" class=\"fa-accordion-icon e-font-icon-svg e-fas-plus\" viewbox=\"0 0 448 512\" xmlns=\"http:\/\/www.w3.org\/2000\/svg\"><path d=\"M416 208H272V64c0-17.67-14.33-32-32-32h-32c-17.67 0-32 14.33-32 32v144H32c-17.67 0-32 14.33-32 32v32c0 17.67 14.33 32 32 32h144v144c0 17.67 14.33 32 32 32h32c17.67 0 32-14.33 32-32V304h144c17.67 0 32-14.33 32-32v-32c0-17.67-14.33-32-32-32z\"><\/path><\/svg><\/span><span class=\"eael-advanced-accordion-icon-opened\"><svg aria-hidden=\"true\" class=\"fa-accordion-icon e-font-icon-svg e-fas-minus\" viewbox=\"0 0 448 512\" xmlns=\"http:\/\/www.w3.org\/2000\/svg\"><path d=\"M416 208H32c-17.67 0-32 14.33-32 32v32c0 17.67 14.33 32 32 32h384c17.67 0 32-14.33 32-32v-32c0-17.67-14.33-32-32-32z\"><\/path><\/svg><\/span><span class=\"eael-accordion-tab-title\">\u00bfC\u00f3mo se diagnostica la craneostenosis?<\/span><svg aria-hidden=\"true\" class=\"fa-toggle e-font-icon-svg e-fas-angle-right\" viewbox=\"0 0 256 512\" xmlns=\"http:\/\/www.w3.org\/2000\/svg\"><path d=\"M224.3 273l-136 136c-9.4 9.4-24.6 9.4-33.9 0l-22.6-22.6c-9.4-9.4-9.4-24.6 0-33.9l96.4-96.4-96.4-96.4c-9.4-9.4-9.4-24.6 0-33.9L54.3 103c9.4-9.4 24.6-9.4 33.9 0l136 136c9.5 9.4 9.5 24.6.1 34z\"><\/path><\/svg><\/div><div id=\"elementor-tab-content-2244\" class=\"eael-accordion-content clearfix\" data-tab=\"4\" aria-labelledby=\"como-feito-o-diagnstico-da-cranioestenose\"><p>Encuentre un cirujano craneofacial. Visita www.clariceabreu\/craniostenosis<\/p><p>El diagn\u00f3stico suele realizarse mediante exploraci\u00f3n f\u00edsica, observando la forma de la cabeza del beb\u00e9 y palpando las suturas craneales. <br \/>Es importante medir el per\u00edmetro cef\u00e1lico y evaluar el desarrollo. Las pruebas de imagen, como la tomograf\u00eda computarizada (TC) o la resonancia magn\u00e9tica (RM), pueden ser necesarias para confirmar el diagn\u00f3stico y evaluar el grado de cierre de la sutura.<\/p><p>\u00a0<\/p><\/div>\n\t\t\t\t\t<\/div><\/div>\t\t\t\t<\/div>\n\t\t\t\t<\/div>\n\t\t\t\t<\/div>\n\t\t\t\t\t<\/div>\n\t\t\t\t<\/div>\n\t\t\t\t<\/div>","protected":false},"excerpt":{"rendered":"<p>Tire aqui todas as suas d\u00favidas. Orelhas O que \u00e9 Microtia? Visite a pagina www.clariceabreu\/Orelhas A microtia \u00e9 uma malforma\u00e7\u00e3o cong\u00eanita que se caracteriza pelo subdesenvolvimento da orelha externa, variando de uma orelha pequena e com formato incomum at\u00e9 a aus\u00eancia quase completa da orelha (anotia). \u00c9 frequentemente unilateral (afetando apenas uma orelha) e pode [&hellip;]<\/p>\n","protected":false},"author":1,"featured_media":0,"parent":0,"menu_order":0,"comment_status":"closed","ping_status":"closed","template":"elementor_header_footer","meta":{"_seopress_robots_primary_cat":"","_seopress_titles_title":"","_seopress_titles_desc":"","_seopress_robots_index":"","footnotes":""},"class_list":["post-4743","page","type-page","status-publish","hentry"],"_links":{"self":[{"href":"https:\/\/clariceabreu.com.br\/es\/wp-json\/wp\/v2\/pages\/4743","targetHints":{"allow":["GET"]}}],"collection":[{"href":"https:\/\/clariceabreu.com.br\/es\/wp-json\/wp\/v2\/pages"}],"about":[{"href":"https:\/\/clariceabreu.com.br\/es\/wp-json\/wp\/v2\/types\/page"}],"author":[{"embeddable":true,"href":"https:\/\/clariceabreu.com.br\/es\/wp-json\/wp\/v2\/users\/1"}],"replies":[{"embeddable":true,"href":"https:\/\/clariceabreu.com.br\/es\/wp-json\/wp\/v2\/comments?post=4743"}],"version-history":[{"count":0,"href":"https:\/\/clariceabreu.com.br\/es\/wp-json\/wp\/v2\/pages\/4743\/revisions"}],"wp:attachment":[{"href":"https:\/\/clariceabreu.com.br\/es\/wp-json\/wp\/v2\/media?parent=4743"}],"curies":[{"name":"wp","href":"https:\/\/api.w.org\/{rel}","templated":true}]}}