{"id":3912,"date":"2025-07-31T20:39:54","date_gmt":"2025-07-31T20:39:54","guid":{"rendered":"https:\/\/clariceabreu.com.br\/?page_id=3912"},"modified":"2025-08-01T15:12:01","modified_gmt":"2025-08-01T15:12:01","slug":"cranioestenose-ou-craniossinostose","status":"publish","type":"page","link":"https:\/\/clariceabreu.com.br\/en\/cranioestenose-ou-craniossinostose\/","title":{"rendered":"Cranioestenose ou Craniossinostose"},"content":{"rendered":"\t\t<div data-elementor-type=\"wp-page\" data-elementor-id=\"3912\" class=\"elementor elementor-3912\" data-elementor-post-type=\"page\">\n\t\t\t\t<div data-particle_enable=\"false\" data-particle-mobile-disabled=\"false\" class=\"elementor-element elementor-element-7f78ab3 e-flex e-con-boxed e-con e-parent\" data-id=\"7f78ab3\" data-element_type=\"container\" data-e-type=\"container\" data-settings=\"{&quot;background_background&quot;:&quot;classic&quot;,&quot;jet_parallax_layout_list&quot;:[]}\">\n\t\t\t\t\t<div class=\"e-con-inner\">\n\t\t<div data-particle_enable=\"false\" data-particle-mobile-disabled=\"false\" class=\"elementor-element elementor-element-fc3449f e-flex e-con-boxed e-con e-child\" data-id=\"fc3449f\" data-element_type=\"container\" data-e-type=\"container\" data-settings=\"{&quot;jet_parallax_layout_list&quot;:[]}\">\n\t\t\t\t\t<div class=\"e-con-inner\">\n\t\t\t\t<div class=\"elementor-element elementor-element-18d0c18 elementor-widget elementor-widget-jet-headline\" data-id=\"18d0c18\" data-element_type=\"widget\" data-e-type=\"widget\" data-widget_type=\"jet-headline.default\">\n\t\t\t\t<div class=\"elementor-widget-container\">\n\t\t\t\t\t<h2 class=\"jet-headline jet-headline--direction-horizontal\"><span class=\"jet-headline__part jet-headline__first\"><span class=\"jet-headline__label\">Cranioestenose ou \n\n<\/span><\/span><span class=\"jet-headline__space\">&nbsp;<\/span><span class=\"jet-headline__part jet-headline__second\"><span class=\"jet-headline__label\">Craniossinostose<\/span><\/span><\/h2>\t\t\t\t<\/div>\n\t\t\t\t<\/div>\n\t\t\t\t<div class=\"elementor-element elementor-element-9192279 elementor-widget elementor-widget-text-editor\" data-id=\"9192279\" data-element_type=\"widget\" data-e-type=\"widget\" data-widget_type=\"text-editor.default\">\n\t\t\t\t\t\t\t\t\t<p>Cranioestenose: Entenda a classifica\u00e7\u00e3o por sutura e suas implica\u00e7\u00f5es<\/p>\t\t\t\t\t\t\t\t<\/div>\n\t\t\t\t\t<\/div>\n\t\t\t\t<\/div>\n\t\t\t\t\t<\/div>\n\t\t\t\t<\/div>\n\t\t<div data-particle_enable=\"false\" data-particle-mobile-disabled=\"false\" class=\"elementor-element elementor-element-e1121f2 e-flex e-con-boxed e-con e-parent\" data-id=\"e1121f2\" data-element_type=\"container\" data-e-type=\"container\" data-settings=\"{&quot;background_background&quot;:&quot;classic&quot;,&quot;jet_parallax_layout_list&quot;:[]}\">\n\t\t\t\t\t<div class=\"e-con-inner\">\n\t\t<div data-particle_enable=\"false\" data-particle-mobile-disabled=\"false\" class=\"elementor-element elementor-element-083983b e-flex e-con-boxed e-con e-child\" data-id=\"083983b\" data-element_type=\"container\" data-e-type=\"container\" data-settings=\"{&quot;background_background&quot;:&quot;classic&quot;,&quot;jet_parallax_layout_list&quot;:[]}\">\n\t\t\t\t\t<div class=\"e-con-inner\">\n\t\t\t\t<div class=\"elementor-element elementor-element-16f9baa e-n-menu-mobile e-full_width e-n-menu-layout-horizontal elementor-widget elementor-widget-n-menu\" data-id=\"16f9baa\" data-element_type=\"widget\" data-e-type=\"widget\" data-settings=\"{&quot;menu_items&quot;:[{&quot;item_title&quot;:&quot;Braquicefalia&quot;,&quot;_id&quot;:&quot;4b692f2&quot;,&quot;item_link&quot;:{&quot;url&quot;:&quot;#braquicefalia&quot;,&quot;is_external&quot;:&quot;&quot;,&quot;nofollow&quot;:&quot;&quot;,&quot;custom_attributes&quot;:&quot;&quot;},&quot;item_dropdown_content&quot;:&quot;&quot;,&quot;item_icon&quot;:{&quot;value&quot;:&quot;&quot;,&quot;library&quot;:&quot;&quot;},&quot;item_icon_active&quot;:null,&quot;element_id&quot;:&quot;&quot;},{&quot;item_title&quot;:&quot;Escafocefalia&quot;,&quot;_id&quot;:&quot;a80deb6&quot;,&quot;item_link&quot;:{&quot;url&quot;:&quot;#escafocefalia&quot;,&quot;is_external&quot;:&quot;&quot;,&quot;nofollow&quot;:&quot;&quot;,&quot;custom_attributes&quot;:&quot;&quot;},&quot;item_dropdown_content&quot;:&quot;no&quot;,&quot;item_icon&quot;:{&quot;value&quot;:&quot;&quot;,&quot;library&quot;:&quot;&quot;},&quot;item_icon_active&quot;:null,&quot;element_id&quot;:&quot;&quot;},{&quot;item_title&quot;:&quot;Plagiocefalia anterior&quot;,&quot;_id&quot;:&quot;ee3fa21&quot;,&quot;item_link&quot;:{&quot;url&quot;:&quot;#plagiocefaliaanterior&quot;,&quot;is_external&quot;:&quot;&quot;,&quot;nofollow&quot;:&quot;&quot;,&quot;custom_attributes&quot;:&quot;&quot;},&quot;item_dropdown_content&quot;:&quot;&quot;,&quot;item_icon&quot;:{&quot;value&quot;:&quot;&quot;,&quot;library&quot;:&quot;&quot;},&quot;item_icon_active&quot;:null,&quot;element_id&quot;:&quot;&quot;},{&quot;item_title&quot;:&quot;Plagiocefalia posicional&quot;,&quot;item_link&quot;:{&quot;url&quot;:&quot;#plagiocefaliaposicional&quot;,&quot;is_external&quot;:&quot;&quot;,&quot;nofollow&quot;:&quot;&quot;,&quot;custom_attributes&quot;:&quot;&quot;},&quot;_id&quot;:&quot;d6dfcd9&quot;,&quot;item_dropdown_content&quot;:&quot;no&quot;,&quot;item_icon&quot;:{&quot;value&quot;:&quot;&quot;,&quot;library&quot;:&quot;&quot;},&quot;item_icon_active&quot;:null,&quot;element_id&quot;:&quot;&quot;},{&quot;item_title&quot;:&quot;Plagiocefalia posterior&quot;,&quot;item_link&quot;:{&quot;url&quot;:&quot;#plagiocefaliaposterior&quot;,&quot;is_external&quot;:&quot;&quot;,&quot;nofollow&quot;:&quot;&quot;,&quot;custom_attributes&quot;:&quot;&quot;},&quot;_id&quot;:&quot;29fa04f&quot;,&quot;item_dropdown_content&quot;:&quot;no&quot;,&quot;item_icon&quot;:{&quot;value&quot;:&quot;&quot;,&quot;library&quot;:&quot;&quot;},&quot;item_icon_active&quot;:null,&quot;element_id&quot;:&quot;&quot;},{&quot;item_title&quot;:&quot;Trigonocefalia&quot;,&quot;item_link&quot;:{&quot;url&quot;:&quot;#trigonocefalia&quot;,&quot;is_external&quot;:&quot;&quot;,&quot;nofollow&quot;:&quot;&quot;,&quot;custom_attributes&quot;:&quot;&quot;},&quot;_id&quot;:&quot;140e86e&quot;,&quot;item_dropdown_content&quot;:&quot;no&quot;,&quot;item_icon&quot;:{&quot;value&quot;:&quot;&quot;,&quot;library&quot;:&quot;&quot;},&quot;item_icon_active&quot;:null,&quot;element_id&quot;:&quot;&quot;}],&quot;item_position_horizontal&quot;:&quot;center&quot;,&quot;item_position_horizontal_mobile&quot;:&quot;center&quot;,&quot;horizontal_scroll_mobile&quot;:&quot;disable&quot;,&quot;breakpoint_selector&quot;:&quot;mobile&quot;,&quot;content_width&quot;:&quot;full_width&quot;,&quot;item_layout&quot;:&quot;horizontal&quot;,&quot;open_on&quot;:&quot;hover&quot;,&quot;horizontal_scroll&quot;:&quot;disable&quot;,&quot;menu_item_title_distance_from_content&quot;:{&quot;unit&quot;:&quot;px&quot;,&quot;size&quot;:0,&quot;sizes&quot;:[]},&quot;menu_item_title_distance_from_content_tablet&quot;:{&quot;unit&quot;:&quot;px&quot;,&quot;size&quot;:&quot;&quot;,&quot;sizes&quot;:[]},&quot;menu_item_title_distance_from_content_mobile&quot;:{&quot;unit&quot;:&quot;px&quot;,&quot;size&quot;:&quot;&quot;,&quot;sizes&quot;:[]}}\" data-widget_type=\"mega-menu.default\">\n\t\t\t\t\t\t\t<nav class=\"e-n-menu\" data-widget-number=\"240\" aria-label=\"Menu\">\n\t\t\t\t\t<button class=\"e-n-menu-toggle\" id=\"menu-toggle-240\" aria-haspopup=\"true\" aria-expanded=\"false\" aria-controls=\"menubar-240\" aria-label=\"Menu Toggle\">\n\t\t\t<span class=\"e-n-menu-toggle-icon e-open\">\n\t\t\t\t<svg class=\"e-font-icon-svg e-eicon-menu-bar\" viewBox=\"0 0 1000 1000\" xmlns=\"http:\/\/www.w3.org\/2000\/svg\"><path d=\"M104 333H896C929 333 958 304 958 271S929 208 896 208H104C71 208 42 237 42 271S71 333 104 333ZM104 583H896C929 583 958 554 958 521S929 458 896 458H104C71 458 42 487 42 521S71 583 104 583ZM104 833H896C929 833 958 804 958 771S929 708 896 708H104C71 708 42 737 42 771S71 833 104 833Z\"><\/path><\/svg>\t\t\t<\/span>\n\t\t\t<span class=\"e-n-menu-toggle-icon e-close\">\n\t\t\t\t<svg class=\"e-font-icon-svg e-eicon-close\" viewBox=\"0 0 1000 1000\" xmlns=\"http:\/\/www.w3.org\/2000\/svg\"><path d=\"M742 167L500 408 258 167C246 154 233 150 217 150 196 150 179 158 167 167 154 179 150 196 150 212 150 229 154 242 171 254L408 500 167 742C138 771 138 800 167 829 196 858 225 858 254 829L496 587 738 829C750 842 767 846 783 846 800 846 817 842 829 829 842 817 846 804 846 783 846 767 842 750 829 737L588 500 833 258C863 229 863 200 833 171 804 137 775 137 742 167Z\"><\/path><\/svg>\t\t\t<\/span>\n\t\t<\/button>\n\t\t\t\t\t<div class=\"e-n-menu-wrapper\" id=\"menubar-240\" aria-labelledby=\"menu-toggle-240\">\n\t\t\t\t<ul class=\"e-n-menu-heading\">\n\t\t\t\t\t\t\t\t<li class=\"e-n-menu-item\">\n\t\t\t\t<div id=\"e-n-menu-title-2401\" class=\"e-n-menu-title e-anchor\">\n\t\t\t\t\t<a class=\"e-n-menu-title-container e-focus e-link\" href=\"#braquicefalia\" aria-current=\"page\">\t\t\t\t\t\t\t\t\t\t\t\t<span class=\"e-n-menu-title-text\">\n\t\t\t\t\t\t\tBraquicefalia\t\t\t\t\t\t<\/span>\n\t\t\t\t\t<\/a>\t\t\t\t\t\t\t\t\t<\/div>\n\t\t\t\t\t\t\t<\/li>\n\t\t\t\t\t<li class=\"e-n-menu-item\">\n\t\t\t\t<div id=\"e-n-menu-title-2402\" class=\"e-n-menu-title e-anchor\">\n\t\t\t\t\t<a class=\"e-n-menu-title-container e-focus e-link\" href=\"#escafocefalia\" aria-current=\"page\">\t\t\t\t\t\t\t\t\t\t\t\t<span class=\"e-n-menu-title-text\">\n\t\t\t\t\t\t\tEscafocefalia\t\t\t\t\t\t<\/span>\n\t\t\t\t\t<\/a>\t\t\t\t\t\t\t\t\t<\/div>\n\t\t\t\t\t\t\t<\/li>\n\t\t\t\t\t<li class=\"e-n-menu-item\">\n\t\t\t\t<div id=\"e-n-menu-title-2403\" class=\"e-n-menu-title e-anchor\">\n\t\t\t\t\t<a class=\"e-n-menu-title-container e-focus e-link\" href=\"#plagiocefaliaanterior\" aria-current=\"page\">\t\t\t\t\t\t\t\t\t\t\t\t<span class=\"e-n-menu-title-text\">\n\t\t\t\t\t\t\tPlagiocefalia anterior\t\t\t\t\t\t<\/span>\n\t\t\t\t\t<\/a>\t\t\t\t\t\t\t\t\t<\/div>\n\t\t\t\t\t\t\t<\/li>\n\t\t\t\t\t<li class=\"e-n-menu-item\">\n\t\t\t\t<div id=\"e-n-menu-title-2404\" class=\"e-n-menu-title e-anchor\">\n\t\t\t\t\t<a class=\"e-n-menu-title-container e-focus e-link\" href=\"#plagiocefaliaposicional\" aria-current=\"page\">\t\t\t\t\t\t\t\t\t\t\t\t<span class=\"e-n-menu-title-text\">\n\t\t\t\t\t\t\tPlagiocefalia posicional\t\t\t\t\t\t<\/span>\n\t\t\t\t\t<\/a>\t\t\t\t\t\t\t\t\t<\/div>\n\t\t\t\t\t\t\t<\/li>\n\t\t\t\t\t<li class=\"e-n-menu-item\">\n\t\t\t\t<div id=\"e-n-menu-title-2405\" class=\"e-n-menu-title e-anchor\">\n\t\t\t\t\t<a class=\"e-n-menu-title-container e-focus e-link\" href=\"#plagiocefaliaposterior\" aria-current=\"page\">\t\t\t\t\t\t\t\t\t\t\t\t<span class=\"e-n-menu-title-text\">\n\t\t\t\t\t\t\tPlagiocefalia posterior\t\t\t\t\t\t<\/span>\n\t\t\t\t\t<\/a>\t\t\t\t\t\t\t\t\t<\/div>\n\t\t\t\t\t\t\t<\/li>\n\t\t\t\t\t<li class=\"e-n-menu-item\">\n\t\t\t\t<div id=\"e-n-menu-title-2406\" class=\"e-n-menu-title e-anchor\">\n\t\t\t\t\t<a class=\"e-n-menu-title-container e-focus e-link\" href=\"#trigonocefalia\" aria-current=\"page\">\t\t\t\t\t\t\t\t\t\t\t\t<span class=\"e-n-menu-title-text\">\n\t\t\t\t\t\t\tTrigonocefalia\t\t\t\t\t\t<\/span>\n\t\t\t\t\t<\/a>\t\t\t\t\t\t\t\t\t<\/div>\n\t\t\t\t\t\t\t<\/li>\n\t\t\t\t\t\t<\/ul>\n\t\t\t<\/div>\n\t\t<\/nav>\n\t\t\t\t\t\t<\/div>\n\t\t\t\t\t<\/div>\n\t\t\t\t<\/div>\n\t\t\t\t\t<\/div>\n\t\t\t\t<\/div>\n\t\t<div data-particle_enable=\"false\" data-particle-mobile-disabled=\"false\" class=\"elementor-element elementor-element-9502a21 e-flex e-con-boxed e-con e-parent\" data-id=\"9502a21\" data-element_type=\"container\" data-e-type=\"container\" data-settings=\"{&quot;background_background&quot;:&quot;classic&quot;,&quot;jet_parallax_layout_list&quot;:[]}\">\n\t\t\t\t\t<div class=\"e-con-inner\">\n\t\t<div data-particle_enable=\"false\" data-particle-mobile-disabled=\"false\" class=\"elementor-element elementor-element-c3bc5e8 e-con-full e-flex e-con e-child\" data-id=\"c3bc5e8\" data-element_type=\"container\" data-e-type=\"container\" data-settings=\"{&quot;background_background&quot;:&quot;classic&quot;,&quot;jet_parallax_layout_list&quot;:[]}\">\n\t\t\t\t<div class=\"elementor-element elementor-element-537e684 elementor-widget elementor-widget-jet-headline\" data-id=\"537e684\" data-element_type=\"widget\" data-e-type=\"widget\" data-widget_type=\"jet-headline.default\">\n\t\t\t\t<div class=\"elementor-widget-container\">\n\t\t\t\t\t<h2 class=\"jet-headline jet-headline--direction-horizontal\"><span class=\"jet-headline__part jet-headline__first\"><span class=\"jet-headline__label\">O que <\/span><\/span><span class=\"jet-headline__space\">&nbsp;<\/span><span class=\"jet-headline__part jet-headline__second\"><span class=\"jet-headline__label\">\u00e9?<\/span><\/span><\/h2>\t\t\t\t<\/div>\n\t\t\t\t<\/div>\n\t\t\t\t<div class=\"elementor-element elementor-element-01e6152 elementor-widget elementor-widget-text-editor\" data-id=\"01e6152\" data-element_type=\"widget\" data-e-type=\"widget\" data-widget_type=\"text-editor.default\">\n\t\t\t\t\t\t\t\t\t<p>O cr\u00e2nio n\u00e3o \u00e9 formado por um osso \u00fanico como se fosse um capacete, mas por \u201cplacas\u201d \u00f3sseas que s\u00e3o unidas entre si por linhas chamadas suturas. As suturas cranianas est\u00e3o presentes para ajudar na modelagem da cabe\u00e7a durante o parto e tamb\u00e9m na modelagem da cabe\u00e7a em crescimento. Elas funcionam como \u00e1reas de expans\u00e3o que permitem que o c\u00e9rebro possa crescer dentro da calota craniana. As suturas normalmente se fundem ap\u00f3s o t\u00e9rmino do crescimento do cr\u00e2nio, no entanto, em alguns casos elas se fundem antes do nascimento, provocando altera\u00e7\u00f5es na forma da cabe\u00e7a.<\/p><p>As cranioestenoses ou craniossinostoses s\u00e3o caracterizadas pela fus\u00e3o prematura de uma ou mais suturas cranianas, tendo como consequ\u00eancia uma deforma\u00e7\u00e3o do cr\u00e2nio e podem ser respons\u00e1veis por um conflito de crescimento entre o cr\u00e2nio e o enc\u00e9falo, que resulta por vezes em uma hipertens\u00e3o intracraniana cr\u00f4nica. Esse conflito pode deixar sequelas, notadamente visuais e mentais.<br \/>As principais suturas cranianas s\u00e3o: a sutura sagital, as suturas coronais, a sutura met\u00f3pica e as suturas lambd\u00f3ides.<\/p><p>\u00c9 importante salientar que a simples altera\u00e7\u00e3o da forma do cr\u00e2nio n\u00e3o caracteriza uma cranioestenose. Na realidade, a principal causa de deforma\u00e7\u00e3o do cr\u00e2nio est\u00e1 relacionada a for\u00e7as de compress\u00e3o externa, muitas vezes associadas a uma posi\u00e7\u00e3o viciosa do beb\u00ea no leito. Esta altera\u00e7\u00e3o \u00e9 conhecida como plagiocefalia posicional, discutida em outra se\u00e7\u00e3o, em que ocorre uma deforma\u00e7\u00e3o do cr\u00e2nio, mas as suturas cranianas se encontram abertas.<\/p><p>\u00a0<\/p><p><br \/>\u00c9 importante salientar que a simples altera\u00e7\u00e3o da forma do cr\u00e2nio n\u00e3o caracteriza uma cranioestenose. Na realidade, a principal causa de deforma\u00e7\u00e3o do cr\u00e2nio est\u00e1 relacionada a for\u00e7as de compress\u00e3o externa, muitas vezes associadas a uma posi\u00e7\u00e3o viciosa do beb\u00ea no leito. Esta altera\u00e7\u00e3o \u00e9 conhecida como plagiocefalia posicional, discutida em outra se\u00e7\u00e3o, em que ocorre uma deforma\u00e7\u00e3o do cr\u00e2nio, mas as suturas cranianas se encontram abertas.<\/p>\t\t\t\t\t\t\t\t<\/div>\n\t\t\t\t<\/div>\n\t\t\t\t\t<\/div>\n\t\t\t\t<\/div>\n\t\t<div data-particle_enable=\"false\" data-particle-mobile-disabled=\"false\" class=\"elementor-element elementor-element-6c86fa7 e-flex e-con-boxed e-con e-parent\" data-id=\"6c86fa7\" data-element_type=\"container\" data-e-type=\"container\" data-settings=\"{&quot;background_background&quot;:&quot;classic&quot;,&quot;jet_parallax_layout_list&quot;:[]}\">\n\t\t\t\t\t<div class=\"e-con-inner\">\n\t\t<div data-particle_enable=\"false\" data-particle-mobile-disabled=\"false\" class=\"elementor-element elementor-element-a96a44a e-con-full e-flex e-con e-child\" data-id=\"a96a44a\" data-element_type=\"container\" data-e-type=\"container\" data-settings=\"{&quot;background_background&quot;:&quot;classic&quot;,&quot;jet_parallax_layout_list&quot;:[]}\">\n\t\t\t\t<div class=\"elementor-element elementor-element-13248ba elementor-widget elementor-widget-jet-headline\" data-id=\"13248ba\" data-element_type=\"widget\" data-e-type=\"widget\" data-widget_type=\"jet-headline.default\">\n\t\t\t\t<div class=\"elementor-widget-container\">\n\t\t\t\t\t<h2 class=\"jet-headline jet-headline--direction-horizontal\"><span class=\"jet-headline__part jet-headline__first\"><span class=\"jet-headline__label\">Diagnosticando<\/span><\/span><span class=\"jet-headline__space\">&nbsp;<\/span><\/h2>\t\t\t\t<\/div>\n\t\t\t\t<\/div>\n\t\t\t\t<div class=\"elementor-element elementor-element-4c293be elementor-widget elementor-widget-text-editor\" data-id=\"4c293be\" data-element_type=\"widget\" data-e-type=\"widget\" data-widget_type=\"text-editor.default\">\n\t\t\t\t\t\t\t\t\t<p>O diagn\u00f3stico de uma cranioestenose, na grande maioria dos casos, pode ser feito com o exame cl\u00ednico do beb\u00ea, com a simples observa\u00e7\u00e3o da morfologia craniofacial. Geralmente, quando uma \u00fanica sutura se fecha, ocorre uma diminui\u00e7\u00e3o do crescimento na \u00e1rea da sutura acometida, com um crescimento compensat\u00f3rio nas \u00e1reas das outras suturas. Esse crescimento compensat\u00f3rio das demais suturas produz as formas caracter\u00edsticas dos cr\u00e2nios que observamos nos pacientes com cranioestenoses. A confirma\u00e7\u00e3o da suspeita cl\u00ednica pode ser feita com a solicita\u00e7\u00e3o de radiografias simples do cr\u00e2nio, que v\u00e3o mostrar a \u00e1rea da sutura fechada. Outro exame de imagem que pode ser solicitado \u00e9 a tomografia computadorizada do cr\u00e2nio. Trata-se do melhor exame para confirmar se uma sutura est\u00e1 aberta ou fechada. A tomografia permite uma excelente an\u00e1lise das modifica\u00e7\u00f5es da base do cr\u00e2nio e das \u00f3rbitas, principalmente nos raros casos em que o exame f\u00edsico apresenta altera\u00e7\u00f5es muito sutis ou ainda quando h\u00e1 suspeita de fechamento de mais de uma sutura.<\/p>\t\t\t\t\t\t\t\t<\/div>\n\t\t\t\t<div class=\"elementor-element elementor-element-bbf352f elementor-widget elementor-widget-image\" data-id=\"bbf352f\" data-element_type=\"widget\" data-e-type=\"widget\" data-widget_type=\"image.default\">\n\t\t\t\t\t\t\t\t\t\t\t\t\t\t\t<img alt=\"\" fetchpriority=\"high\" decoding=\"async\" width=\"660\" height=\"251\" src=\"https:\/\/clariceabreu.com.br\/wp-content\/uploads\/2025\/07\/o-que-e.jpg\" class=\"attachment-large size-large wp-image-3927\" alt=\"\" srcset=\"https:\/\/clariceabreu.com.br\/wp-content\/uploads\/2025\/07\/o-que-e.jpg 660w, https:\/\/clariceabreu.com.br\/wp-content\/uploads\/2025\/07\/o-que-e-300x114.jpg 300w\" sizes=\"(max-width: 660px) 100vw, 660px\" \/>\t\t\t\t\t\t\t\t\t\t\t\t\t\t\t<\/div>\n\t\t\t\t<\/div>\n\t\t<div data-particle_enable=\"false\" data-particle-mobile-disabled=\"false\" class=\"elementor-element elementor-element-e42c1eb e-con-full e-flex e-con e-child\" data-id=\"e42c1eb\" data-element_type=\"container\" data-e-type=\"container\" data-settings=\"{&quot;jet_parallax_layout_list&quot;:[],&quot;background_background&quot;:&quot;classic&quot;}\">\n\t\t\t\t<div class=\"elementor-element elementor-element-2565524 elementor-widget elementor-widget-heading\" data-id=\"2565524\" data-element_type=\"widget\" data-e-type=\"widget\" data-widget_type=\"heading.default\">\n\t\t\t\t\t<h2 class=\"elementor-heading-title elementor-size-default\">H\u00e1 necessidade de se operar uma cranioestenose?\n<\/h2>\t\t\t\t<\/div>\n\t\t\t\t<div class=\"elementor-element elementor-element-2d75f3d elementor-widget elementor-widget-text-editor\" data-id=\"2d75f3d\" data-element_type=\"widget\" data-e-type=\"widget\" data-widget_type=\"text-editor.default\">\n\t\t\t\t\t\t\t\t\t<p>Alguns estudos mostram uma taxa mais alta de altera\u00e7\u00f5es de desenvolvimento e comportamento em crian\u00e7as com cranioestenoses, devido a um aumento da press\u00e3o intracraniana em um percentual vari\u00e1vel de crian\u00e7as com cranioestenoses n\u00e3o operadas.<\/p><p>A hipertens\u00e3o intracraniana \u00e9 mais frequente quando h\u00e1 maior n\u00famero de suturas acometidas. Al\u00e9m disso, sua frequ\u00eancia aumenta com a idade: na maior parte das cranioestenoses, a hipertens\u00e3o intracraniana \u00e9 duas vezes mais frequente ap\u00f3s um ano de vida.<\/p><p>A hipertens\u00e3o intracraniana pode levar a diminui\u00e7\u00e3o da acuidade visual como consequ\u00eancia do sofrimento do nervo \u00f3ptico. Por outro lado, a hipertens\u00e3o intracraniana pode afetar a perfomance intelectual das crian\u00e7as com cranioestenoses. Esse acometimento \u00e9 muitas vezes observado atrav\u00e9s de pequenos atrasos de desenvolvimento e aprendizado, observados pelos pr\u00f3prios pais, em compara\u00e7\u00e3o com crian\u00e7as da mesma idade.<\/p>\t\t\t\t\t\t\t\t<\/div>\n\t\t\t\t<\/div>\n\t\t\t\t\t<\/div>\n\t\t\t\t<\/div>\n\t\t<div data-particle_enable=\"false\" data-particle-mobile-disabled=\"false\" class=\"elementor-element elementor-element-2eca7e8 e-flex e-con-boxed e-con e-parent\" data-id=\"2eca7e8\" data-element_type=\"container\" data-e-type=\"container\" data-settings=\"{&quot;background_background&quot;:&quot;classic&quot;,&quot;jet_parallax_layout_list&quot;:[]}\">\n\t\t\t\t\t<div class=\"e-con-inner\">\n\t\t<div data-particle_enable=\"false\" data-particle-mobile-disabled=\"false\" class=\"elementor-element elementor-element-0fa296e e-con-full e-flex e-con e-child\" data-id=\"0fa296e\" data-element_type=\"container\" data-e-type=\"container\" id=\"braquicefalia\" data-settings=\"{&quot;jet_parallax_layout_list&quot;:[]}\">\n\t\t<div data-particle_enable=\"false\" data-particle-mobile-disabled=\"false\" class=\"elementor-element elementor-element-478c5ac e-con-full e-flex e-con e-child\" data-id=\"478c5ac\" data-element_type=\"container\" data-e-type=\"container\" data-settings=\"{&quot;jet_parallax_layout_list&quot;:[]}\">\n\t\t\t\t<div class=\"elementor-element elementor-element-f593177 elementor-widget elementor-widget-jet-video\" data-id=\"f593177\" data-element_type=\"widget\" data-e-type=\"widget\" data-widget_type=\"jet-video.default\">\n\t\t\t\t<div class=\"elementor-widget-container\">\n\t\t\t\t\t<div class=\"elementor-jet-video jet-elements\">\n<div class=\"jet-video jet-video--fa5-compat jet-video-aspect-ratio jet-video-aspect-ratio--16-9\" data-settings=\"{&quot;lightbox&quot;:false,&quot;autoplay&quot;:false}\"><iframe class=\"jet-video-iframe\" allowfullscreen allow=\"autoplay;encrypted-media\" title=\"youtube Video Player\" data-lazy-load=\"https:\/\/www.youtube.com\/embed\/jdoscjAKWMY?feature=oembed&amp;start&amp;end&amp;wmode=opaque&amp;autoplay=0&amp;loop=0&amp;controls=1&amp;mute=0&amp;rel=0&amp;modestbranding=0\"><\/iframe>\n<div class=\"jet-video__overlay jet-video__overlay--custom-bg\" style=\"background-image: url(https:\/\/i.ytimg.com\/vi_webp\/jdoscjAKWMY\/maxresdefault.webp);\">\n<div class=\"jet-video__play-button\" role=\"button\" tabindex=\"0\" aria-label=\"Video play button\"><span class=\"jet-elements-icon jet-video__play-button-icon\"><svg aria-hidden=\"true\" class=\"e-font-icon-svg e-fas-play\" viewBox=\"0 0 448 512\" xmlns=\"http:\/\/www.w3.org\/2000\/svg\"><path d=\"M424.4 214.7L72.4 6.6C43.8-10.3 0 6.1 0 47.9V464c0 37.5 40.7 60.1 72.4 41.3l352-208c31.4-18.5 31.5-64.1 0-82.6z\"><\/path><\/svg><\/span>\t<span class=\"elementor-screen-only\">Play Video<\/span>\n<\/div>\n<\/div>\n<\/div>\n<\/div>\t\t\t\t<\/div>\n\t\t\t\t<\/div>\n\t\t\t\t<\/div>\n\t\t<div data-particle_enable=\"false\" data-particle-mobile-disabled=\"false\" class=\"elementor-element elementor-element-ae870a3 e-con-full e-flex e-con e-child\" data-id=\"ae870a3\" data-element_type=\"container\" data-e-type=\"container\" data-settings=\"{&quot;jet_parallax_layout_list&quot;:[]}\">\n\t\t\t\t<div class=\"elementor-element elementor-element-003c88b elementor-widget elementor-widget-heading\" data-id=\"003c88b\" data-element_type=\"widget\" data-e-type=\"widget\" data-widget_type=\"heading.default\">\n\t\t\t\t\t<h2 class=\"elementor-heading-title elementor-size-default\">Braquicefalia\n<\/h2>\t\t\t\t<\/div>\n\t\t\t\t<div class=\"elementor-element elementor-element-b227be0 elementor-widget elementor-widget-text-editor\" data-id=\"b227be0\" data-element_type=\"widget\" data-e-type=\"widget\" data-widget_type=\"text-editor.default\">\n\t\t\t\t\t\t\t\t\t<p>A braquicefallia corresponde ao fechamento de ambas as suturas coronais, levando a um recuo frontal bilateral, predominando na parte supra-orbital. Em geral, o cr\u00e2nio \u00e9 retra\u00eddo anterior e posteriormente, levando a uma fronte curta com dorso nasal baixo e regi\u00e3o occipital aplainada, e alargado transversalmente. Esse alargamento transverso pode levar a um afastamento das \u00f3rbitas, chamado de hiperteleorbitismo. A sua incid\u00eancia \u00e9 ligeiramente maior no g\u00eanero feminino (1,7:1). O acometimento da sutura coronal bilateralmente \u00e9 muito comum nos casos de cranioestenoses sindr\u00f4micas, ou craniofacioestenoses, nos quais ocorre tamb\u00e9m um comprometimento da face com ou sem altera\u00e7\u00e3o de extremidades (m\u00e3os e p\u00e9s)<\/p>\t\t\t\t\t\t\t\t<\/div>\n\t\t\t\t<div class=\"elementor-element elementor-element-b3b28a6 elementor-widget elementor-widget-image-gallery\" data-id=\"b3b28a6\" data-element_type=\"widget\" data-e-type=\"widget\" data-widget_type=\"image-gallery.default\">\n\t\t\t\t\t\t\t<div class=\"elementor-image-gallery\">\n\t\t\t<div id='gallery-1' class='gallery galleryid-3912 gallery-columns-2 gallery-size-full'><figure class='gallery-item'>\n\t\t\t<div class='gallery-icon landscape'>\n\t\t\t\t<a data-elementor-open-lightbox=\"yes\" data-elementor-lightbox-slideshow=\"b3b28a6\" data-elementor-lightbox-title=\"Braquicefalia1\" data-e-action-hash=\"#elementor-action%3Aaction%3Dlightbox%26settings%3DeyJpZCI6MzkzMSwidXJsIjoiaHR0cHM6XC9cL2NsYXJpY2VhYnJldS5jb20uYnJcL3dwLWNvbnRlbnRcL3VwbG9hZHNcLzIwMjVcLzA3XC9CcmFxdWljZWZhbGlhMS5qcGciLCJzbGlkZXNob3ciOiJiM2IyOGE2In0%3D\" href='https:\/\/clariceabreu.com.br\/wp-content\/uploads\/2025\/07\/Braquicefalia1.jpg'><img decoding=\"async\" width=\"250\" height=\"165\" src=\"https:\/\/clariceabreu.com.br\/wp-content\/uploads\/2025\/07\/Braquicefalia1.jpg\" class=\"attachment-full size-full\" alt=\"\" \/><\/a>\n\t\t\t<\/div><\/figure><figure class='gallery-item'>\n\t\t\t<div class='gallery-icon landscape'>\n\t\t\t\t<a data-elementor-open-lightbox=\"yes\" data-elementor-lightbox-slideshow=\"b3b28a6\" data-elementor-lightbox-title=\"Braquicefalia2\" data-e-action-hash=\"#elementor-action%3Aaction%3Dlightbox%26settings%3DeyJpZCI6MzkzMiwidXJsIjoiaHR0cHM6XC9cL2NsYXJpY2VhYnJldS5jb20uYnJcL3dwLWNvbnRlbnRcL3VwbG9hZHNcLzIwMjVcLzA3XC9CcmFxdWljZWZhbGlhMi5qcGciLCJzbGlkZXNob3ciOiJiM2IyOGE2In0%3D\" href='https:\/\/clariceabreu.com.br\/wp-content\/uploads\/2025\/07\/Braquicefalia2.jpg'><img decoding=\"async\" width=\"600\" height=\"165\" src=\"https:\/\/clariceabreu.com.br\/wp-content\/uploads\/2025\/07\/Braquicefalia2.jpg\" class=\"attachment-full size-full\" alt=\"\" srcset=\"https:\/\/clariceabreu.com.br\/wp-content\/uploads\/2025\/07\/Braquicefalia2.jpg 600w, https:\/\/clariceabreu.com.br\/wp-content\/uploads\/2025\/07\/Braquicefalia2-300x83.jpg 300w\" sizes=\"(max-width: 600px) 100vw, 600px\" \/><\/a>\n\t\t\t<\/div><\/figure>\n\t\t<\/div>\n\t\t<\/div>\n\t\t\t\t\t\t<\/div>\n\t\t\t\t<\/div>\n\t\t\t\t<\/div>\n\t\t<div data-particle_enable=\"false\" data-particle-mobile-disabled=\"false\" class=\"elementor-element elementor-element-5f23616 e-con-full e-flex e-con e-child\" data-id=\"5f23616\" data-element_type=\"container\" data-e-type=\"container\" id=\"escafocefalia\" data-settings=\"{&quot;jet_parallax_layout_list&quot;:[]}\">\n\t\t<div data-particle_enable=\"false\" data-particle-mobile-disabled=\"false\" class=\"elementor-element elementor-element-2876b96 e-con-full e-flex e-con e-child\" data-id=\"2876b96\" data-element_type=\"container\" data-e-type=\"container\" data-settings=\"{&quot;jet_parallax_layout_list&quot;:[]}\">\n\t\t<div data-particle_enable=\"false\" data-particle-mobile-disabled=\"false\" class=\"elementor-element elementor-element-6eb048c e-con-full e-flex e-con e-child\" data-id=\"6eb048c\" data-element_type=\"container\" data-e-type=\"container\" data-settings=\"{&quot;jet_parallax_layout_list&quot;:[]}\">\n\t\t\t\t<div class=\"elementor-element elementor-element-f9f9e54 elementor-widget elementor-widget-jet-video\" data-id=\"f9f9e54\" data-element_type=\"widget\" data-e-type=\"widget\" data-widget_type=\"jet-video.default\">\n\t\t\t\t<div class=\"elementor-widget-container\">\n\t\t\t\t\t<div class=\"elementor-jet-video jet-elements\">\n<div class=\"jet-video jet-video--fa5-compat jet-video-aspect-ratio jet-video-aspect-ratio--16-9\" data-settings=\"{&quot;lightbox&quot;:false,&quot;autoplay&quot;:false}\"><iframe class=\"jet-video-iframe\" allowfullscreen allow=\"autoplay;encrypted-media\" title=\"youtube Video Player\" data-lazy-load=\"https:\/\/www.youtube.com\/embed\/mWT0JK9ArYo?feature=oembed&amp;start&amp;end&amp;wmode=opaque&amp;autoplay=0&amp;loop=0&amp;controls=1&amp;mute=0&amp;rel=0&amp;modestbranding=0\"><\/iframe>\n<div class=\"jet-video__overlay jet-video__overlay--custom-bg\" style=\"background-image: url(https:\/\/i.ytimg.com\/vi_webp\/mWT0JK9ArYo\/maxresdefault.webp);\">\n<div class=\"jet-video__play-button\" role=\"button\" tabindex=\"0\" aria-label=\"Video play button\"><span class=\"jet-elements-icon jet-video__play-button-icon\"><svg aria-hidden=\"true\" class=\"e-font-icon-svg e-fas-play\" viewBox=\"0 0 448 512\" xmlns=\"http:\/\/www.w3.org\/2000\/svg\"><path d=\"M424.4 214.7L72.4 6.6C43.8-10.3 0 6.1 0 47.9V464c0 37.5 40.7 60.1 72.4 41.3l352-208c31.4-18.5 31.5-64.1 0-82.6z\"><\/path><\/svg><\/span>\t<span class=\"elementor-screen-only\">Play Video<\/span>\n<\/div>\n<\/div>\n<\/div>\n<\/div>\t\t\t\t<\/div>\n\t\t\t\t<\/div>\n\t\t\t\t<\/div>\n\t\t<div data-particle_enable=\"false\" data-particle-mobile-disabled=\"false\" class=\"elementor-element elementor-element-fec41f1 e-con-full e-flex e-con e-child\" data-id=\"fec41f1\" data-element_type=\"container\" data-e-type=\"container\" data-settings=\"{&quot;jet_parallax_layout_list&quot;:[]}\">\n\t\t\t\t<div class=\"elementor-element elementor-element-1ee432d elementor-widget elementor-widget-heading\" data-id=\"1ee432d\" data-element_type=\"widget\" data-e-type=\"widget\" data-widget_type=\"heading.default\">\n\t\t\t\t\t<h2 class=\"elementor-heading-title elementor-size-default\">Escafocefalia<\/h2>\t\t\t\t<\/div>\n\t\t\t\t<div class=\"elementor-element elementor-element-857cc1c elementor-widget elementor-widget-text-editor\" data-id=\"857cc1c\" data-element_type=\"widget\" data-e-type=\"widget\" data-widget_type=\"text-editor.default\">\n\t\t\t\t\t\t\t\t\t<p>A escafocefalia, tamb\u00e9m chamada de dolicocefalia ou clinocefalia, corresponde a uma fus\u00e3o prematura da sutura sagital. Essa sutura atravessa \u00e2ntero-posteriormente o cr\u00e2nio, se iniciando na fontanela (\u201cmoleira\u201d) anterior, ou bregma. Em alguns casos, a \u201cmoleira\u201d estar\u00e1 fechada quando essa sutura for acometida. \u00c9 a cranioestenose mais frequente com uma incid\u00eancia em torno de 1 em cada 2000 nascidos vivos e com uma preval\u00eancia maior no g\u00eanero masculino (em uma propor\u00e7\u00e3o aproximada de 3,5:1). O cr\u00e2nio \u00e9 exageradamente alongado no sentido ant\u00earo-posterior e a regi\u00e3o parietal \u00e9 retra\u00edda transversalmente. No perfil, a parte posterior do cr\u00e2nio se encontra mais baixa que a anterior, ao contr\u00e1rio de uma crian\u00e7a normal.<\/p>\t\t\t\t\t\t\t\t<\/div>\n\t\t\t\t<div class=\"elementor-element elementor-element-79cbb1a elementor-widget elementor-widget-image\" data-id=\"79cbb1a\" data-element_type=\"widget\" data-e-type=\"widget\" data-widget_type=\"image.default\">\n\t\t\t\t\t\t\t\t\t\t\t\t\t\t\t<img alt=\"\" loading=\"lazy\" decoding=\"async\" width=\"415\" height=\"195\" src=\"https:\/\/clariceabreu.com.br\/wp-content\/uploads\/2025\/07\/Escafocefalia1-e1753995343409.jpg\" class=\"attachment-large size-large wp-image-3939\" alt=\"\" srcset=\"https:\/\/clariceabreu.com.br\/wp-content\/uploads\/2025\/07\/Escafocefalia1-e1753995343409.jpg 415w, https:\/\/clariceabreu.com.br\/wp-content\/uploads\/2025\/07\/Escafocefalia1-e1753995343409-300x141.jpg 300w\" sizes=\"(max-width: 415px) 100vw, 415px\" \/>\t\t\t\t\t\t\t\t\t\t\t\t\t\t\t<\/div>\n\t\t\t\t<\/div>\n\t\t\t\t<\/div>\n\t\t\t\t<\/div>\n\t\t<div data-particle_enable=\"false\" data-particle-mobile-disabled=\"false\" class=\"elementor-element elementor-element-f1cf3ba e-con-full e-flex e-con e-child\" data-id=\"f1cf3ba\" data-element_type=\"container\" data-e-type=\"container\" id=\"plagiocefaliaanterior\" data-settings=\"{&quot;jet_parallax_layout_list&quot;:[]}\">\n\t\t<div data-particle_enable=\"false\" data-particle-mobile-disabled=\"false\" class=\"elementor-element elementor-element-2cf2b1b e-con-full e-flex e-con e-child\" data-id=\"2cf2b1b\" data-element_type=\"container\" data-e-type=\"container\" data-settings=\"{&quot;jet_parallax_layout_list&quot;:[]}\">\n\t\t<div data-particle_enable=\"false\" data-particle-mobile-disabled=\"false\" class=\"elementor-element elementor-element-bfacaec e-con-full e-flex e-con e-child\" data-id=\"bfacaec\" data-element_type=\"container\" data-e-type=\"container\" data-settings=\"{&quot;jet_parallax_layout_list&quot;:[]}\">\n\t\t\t\t<div class=\"elementor-element elementor-element-12f8650 elementor-widget elementor-widget-jet-video\" data-id=\"12f8650\" data-element_type=\"widget\" data-e-type=\"widget\" data-widget_type=\"jet-video.default\">\n\t\t\t\t<div class=\"elementor-widget-container\">\n\t\t\t\t\t<div class=\"elementor-jet-video jet-elements\">\n<div class=\"jet-video jet-video--fa5-compat jet-video-aspect-ratio jet-video-aspect-ratio--16-9\" data-settings=\"{&quot;lightbox&quot;:false,&quot;autoplay&quot;:false}\"><iframe class=\"jet-video-iframe\" allowfullscreen allow=\"autoplay;encrypted-media\" title=\"youtube Video Player\" data-lazy-load=\"https:\/\/www.youtube.com\/embed\/WTdYQFM7gdM?feature=oembed&amp;start&amp;end&amp;wmode=opaque&amp;autoplay=0&amp;loop=0&amp;controls=1&amp;mute=0&amp;rel=0&amp;modestbranding=0\"><\/iframe>\n<div class=\"jet-video__overlay jet-video__overlay--custom-bg\" style=\"background-image: url(https:\/\/i.ytimg.com\/vi_webp\/WTdYQFM7gdM\/hqdefault.webp);\">\n<div class=\"jet-video__play-button\" role=\"button\" tabindex=\"0\" aria-label=\"Video play button\"><span class=\"jet-elements-icon jet-video__play-button-icon\"><svg aria-hidden=\"true\" class=\"e-font-icon-svg e-fas-play\" viewBox=\"0 0 448 512\" xmlns=\"http:\/\/www.w3.org\/2000\/svg\"><path d=\"M424.4 214.7L72.4 6.6C43.8-10.3 0 6.1 0 47.9V464c0 37.5 40.7 60.1 72.4 41.3l352-208c31.4-18.5 31.5-64.1 0-82.6z\"><\/path><\/svg><\/span>\t<span class=\"elementor-screen-only\">Play Video<\/span>\n<\/div>\n<\/div>\n<\/div>\n<\/div>\t\t\t\t<\/div>\n\t\t\t\t<\/div>\n\t\t\t\t<\/div>\n\t\t<div data-particle_enable=\"false\" data-particle-mobile-disabled=\"false\" class=\"elementor-element elementor-element-83e1b25 e-con-full e-flex e-con e-child\" data-id=\"83e1b25\" data-element_type=\"container\" data-e-type=\"container\" data-settings=\"{&quot;jet_parallax_layout_list&quot;:[]}\">\n\t\t\t\t<div class=\"elementor-element elementor-element-6f4889f elementor-widget elementor-widget-heading\" data-id=\"6f4889f\" data-element_type=\"widget\" data-e-type=\"widget\" data-widget_type=\"heading.default\">\n\t\t\t\t\t<h2 class=\"elementor-heading-title elementor-size-default\">Plagiocefalia anterior<\/h2>\t\t\t\t<\/div>\n\t\t\t\t<div class=\"elementor-element elementor-element-ce0a1e4 elementor-widget elementor-widget-text-editor\" data-id=\"ce0a1e4\" data-element_type=\"widget\" data-e-type=\"widget\" data-widget_type=\"text-editor.default\">\n\t\t\t\t\t\t\t\t\t<p>A plagiocefalia \u00e9 a cranioestenose que corresponde ao fechamento precoce da sutura coronal unilateral. \u00c9 caracterizada por uma assimetria do cr\u00e2nio e da face, apresentando uma ascens\u00e3o da \u00f3rbita no lado acometido, com deslocamento do nariz e um abaulamento frontal contralateral \u00e0 sutura comprometida. A assimetria orbit\u00e1ria \u00e9 a caracter\u00edstica cl\u00ednica mais marcante e o diagn\u00f3stico pode ser feito olhando-se a crian\u00e7a de cima e se observando a ascens\u00e3o de uma \u00f3rbita. No exame radiogr\u00e1fico, essa altera\u00e7\u00e3o \u00e9 conhecida como \u201colho de arlequim\u201d. A plagiocefalia tem uma incid\u00eancia aproximada de 1:3500 nascidos vivos, sendo mais frequente no sexo feminino, numa propor\u00e7\u00e3o de 2:1. Raramente, crian\u00e7as com uma sutura coronal fusionada podem apresentar uma muta\u00e7\u00e3o g\u00eanica que pode significar uma condi\u00e7\u00e3o chamada de S\u00edndrome de Muenke.<\/p>\t\t\t\t\t\t\t\t<\/div>\n\t\t\t\t<div class=\"elementor-element elementor-element-ebf052e elementor-arrows-position-inside elementor-pagination-position-outside elementor-widget elementor-widget-image-carousel\" data-id=\"ebf052e\" data-element_type=\"widget\" data-e-type=\"widget\" data-settings=\"{&quot;slides_to_show&quot;:&quot;2&quot;,&quot;navigation&quot;:&quot;both&quot;,&quot;autoplay&quot;:&quot;yes&quot;,&quot;pause_on_hover&quot;:&quot;yes&quot;,&quot;pause_on_interaction&quot;:&quot;yes&quot;,&quot;autoplay_speed&quot;:5000,&quot;infinite&quot;:&quot;yes&quot;,&quot;speed&quot;:500}\" data-widget_type=\"image-carousel.default\">\n\t\t\t\t\t\t\t<div class=\"elementor-image-carousel-wrapper swiper\" role=\"region\" aria-roledescription=\"carousel\" aria-label=\"Carrossel de imagens\" dir=\"ltr\">\n\t\t\t<div class=\"elementor-image-carousel swiper-wrapper\" aria-live=\"off\">\n\t\t\t\t\t\t\t\t<div class=\"swiper-slide\" role=\"group\" aria-roledescription=\"slide\" aria-label=\"1 of 2\"><figure class=\"swiper-slide-inner\"><img decoding=\"async\" class=\"swiper-slide-image\" src=\"https:\/\/clariceabreu.com.br\/wp-content\/uploads\/2025\/07\/Plagiocefalia-anterior1.jpg\" alt=\"Plagiocefalia-anterior1\" \/><\/figure><\/div><div class=\"swiper-slide\" role=\"group\" aria-roledescription=\"slide\" aria-label=\"2 of 2\"><figure class=\"swiper-slide-inner\"><img decoding=\"async\" class=\"swiper-slide-image\" src=\"https:\/\/clariceabreu.com.br\/wp-content\/uploads\/2025\/07\/Plagiocefalia-anterior2.jpg\" alt=\"Esquema da Plagiocefalia com abaulamento assim\u00e9trico da regi\u00e3o frontal.\" \/><\/figure><\/div>\t\t\t<\/div>\n\t\t\t\t\t\t\t\t\t\t\t\t<div class=\"elementor-swiper-button elementor-swiper-button-prev\" role=\"button\" tabindex=\"0\">\n\t\t\t\t\t\t<svg aria-hidden=\"true\" class=\"e-font-icon-svg e-eicon-chevron-left\" viewBox=\"0 0 1000 1000\" xmlns=\"http:\/\/www.w3.org\/2000\/svg\"><path d=\"M646 125C629 125 613 133 604 142L308 442C296 454 292 471 292 487 292 504 296 521 308 533L604 854C617 867 629 875 646 875 663 875 679 871 692 858 704 846 713 829 713 812 713 796 708 779 692 767L438 487 692 225C700 217 708 204 708 187 708 171 704 154 692 142 675 129 663 125 646 125Z\"><\/path><\/svg>\t\t\t\t\t<\/div>\n\t\t\t\t\t<div class=\"elementor-swiper-button elementor-swiper-button-next\" role=\"button\" tabindex=\"0\">\n\t\t\t\t\t\t<svg aria-hidden=\"true\" class=\"e-font-icon-svg e-eicon-chevron-right\" viewBox=\"0 0 1000 1000\" xmlns=\"http:\/\/www.w3.org\/2000\/svg\"><path d=\"M696 533C708 521 713 504 713 487 713 471 708 454 696 446L400 146C388 133 375 125 354 125 338 125 325 129 313 142 300 154 292 171 292 187 292 204 296 221 308 233L563 492 304 771C292 783 288 800 288 817 288 833 296 850 308 863 321 871 338 875 354 875 371 875 388 867 400 854L696 533Z\"><\/path><\/svg>\t\t\t\t\t<\/div>\n\t\t\t\t\n\t\t\t\t\t\t\t\t\t<div class=\"swiper-pagination\"><\/div>\n\t\t\t\t\t\t\t\t\t<\/div>\n\t\t\t\t\t\t<\/div>\n\t\t\t\t<\/div>\n\t\t\t\t<\/div>\n\t\t\t\t<\/div>\n\t\t<div data-particle_enable=\"false\" data-particle-mobile-disabled=\"false\" class=\"elementor-element elementor-element-83e0a20 e-con-full e-flex e-con e-child\" data-id=\"83e0a20\" data-element_type=\"container\" data-e-type=\"container\" id=\"plagiocefaliaposicional\" data-settings=\"{&quot;jet_parallax_layout_list&quot;:[]}\">\n\t\t<div data-particle_enable=\"false\" data-particle-mobile-disabled=\"false\" class=\"elementor-element elementor-element-aca3446 e-con-full e-flex e-con e-child\" data-id=\"aca3446\" data-element_type=\"container\" data-e-type=\"container\" data-settings=\"{&quot;jet_parallax_layout_list&quot;:[]}\">\n\t\t<div data-particle_enable=\"false\" data-particle-mobile-disabled=\"false\" class=\"elementor-element elementor-element-1cb0306 e-con-full e-flex e-con e-child\" data-id=\"1cb0306\" data-element_type=\"container\" data-e-type=\"container\" data-settings=\"{&quot;jet_parallax_layout_list&quot;:[]}\">\n\t\t\t\t<div class=\"elementor-element elementor-element-2326512 elementor-widget elementor-widget-jet-video\" data-id=\"2326512\" data-element_type=\"widget\" data-e-type=\"widget\" data-widget_type=\"jet-video.default\">\n\t\t\t\t<div class=\"elementor-widget-container\">\n\t\t\t\t\t<div class=\"elementor-jet-video jet-elements\">\n<div class=\"jet-video jet-video--fa5-compat jet-video-aspect-ratio jet-video-aspect-ratio--16-9\" data-settings=\"{&quot;lightbox&quot;:false,&quot;autoplay&quot;:false}\"><iframe class=\"jet-video-iframe\" allowfullscreen allow=\"autoplay;encrypted-media\" title=\"youtube Video Player\" data-lazy-load=\"https:\/\/www.youtube.com\/embed\/peBtf7KIS-Q?feature=oembed&amp;start&amp;end&amp;wmode=opaque&amp;autoplay=0&amp;loop=0&amp;controls=1&amp;mute=0&amp;rel=0&amp;modestbranding=0\"><\/iframe>\n<div class=\"jet-video__overlay jet-video__overlay--custom-bg\" style=\"background-image: url(https:\/\/i.ytimg.com\/vi_webp\/peBtf7KIS-Q\/maxresdefault.webp);\">\n<div class=\"jet-video__play-button\" role=\"button\" tabindex=\"0\" aria-label=\"Video play button\"><span class=\"jet-elements-icon jet-video__play-button-icon\"><svg aria-hidden=\"true\" class=\"e-font-icon-svg e-fas-play\" viewBox=\"0 0 448 512\" xmlns=\"http:\/\/www.w3.org\/2000\/svg\"><path d=\"M424.4 214.7L72.4 6.6C43.8-10.3 0 6.1 0 47.9V464c0 37.5 40.7 60.1 72.4 41.3l352-208c31.4-18.5 31.5-64.1 0-82.6z\"><\/path><\/svg><\/span>\t<span class=\"elementor-screen-only\">Play Video<\/span>\n<\/div>\n<\/div>\n<\/div>\n<\/div>\t\t\t\t<\/div>\n\t\t\t\t<\/div>\n\t\t\t\t<\/div>\n\t\t<div data-particle_enable=\"false\" data-particle-mobile-disabled=\"false\" class=\"elementor-element elementor-element-718a289 e-con-full e-flex e-con e-child\" data-id=\"718a289\" data-element_type=\"container\" data-e-type=\"container\" data-settings=\"{&quot;jet_parallax_layout_list&quot;:[]}\">\n\t\t\t\t<div class=\"elementor-element elementor-element-39e642d elementor-widget elementor-widget-heading\" data-id=\"39e642d\" data-element_type=\"widget\" data-e-type=\"widget\" data-widget_type=\"heading.default\">\n\t\t\t\t\t<h2 class=\"elementor-heading-title elementor-size-default\">Plagiocefalia posicional\n<\/h2>\t\t\t\t<\/div>\n\t\t\t\t<div class=\"elementor-element elementor-element-41b16b9 elementor-widget elementor-widget-text-editor\" data-id=\"41b16b9\" data-element_type=\"widget\" data-e-type=\"widget\" data-widget_type=\"text-editor.default\">\n\t\t\t\t\t\t\t\t\t<p>A principal causa de altera\u00e7\u00e3o na forma do cr\u00e2nio em crian\u00e7as \u00e9 a deformidade craniana conhecida como Plagiocefalia Posicional ou Plagiocefalia Deformante. Ela corresponde a um achatamento da regi\u00e3o posterior do cr\u00e2nio, ligeiramente mais comum \u00e0 direita, mas ocasionalmente pode acometer ambos os lados.\u00a0<\/p>\t\t\t\t\t\t\t\t<\/div>\n\t\t\t\t<div class=\"elementor-element elementor-element-6d98776 elementor-widget elementor-widget-image\" data-id=\"6d98776\" data-element_type=\"widget\" data-e-type=\"widget\" data-widget_type=\"image.default\">\n\t\t\t\t\t\t\t\t\t\t\t\t\t\t\t<img loading=\"lazy\" decoding=\"async\" width=\"600\" height=\"187\" src=\"https:\/\/clariceabreu.com.br\/wp-content\/uploads\/2025\/07\/Plagiocefalia-posicional1.jpg\" class=\"attachment-large size-large wp-image-3948\" alt=\"Plagiocefalia deformacional com seu aspecto em paralelogramo e o seu tratamento cl\u00ednico com medidas posturais.\" srcset=\"https:\/\/clariceabreu.com.br\/wp-content\/uploads\/2025\/07\/Plagiocefalia-posicional1.jpg 600w, https:\/\/clariceabreu.com.br\/wp-content\/uploads\/2025\/07\/Plagiocefalia-posicional1-300x94.jpg 300w\" sizes=\"(max-width: 600px) 100vw, 600px\" \/>\t\t\t\t\t\t\t\t\t\t\t\t\t\t\t<\/div>\n\t\t\t\t<\/div>\n\t\t\t\t<\/div>\n\t\t<div data-particle_enable=\"false\" data-particle-mobile-disabled=\"false\" class=\"elementor-element elementor-element-24d1847 e-con-full e-flex e-con e-child\" data-id=\"24d1847\" data-element_type=\"container\" data-e-type=\"container\" data-settings=\"{&quot;jet_parallax_layout_list&quot;:[]}\">\n\t\t<div data-particle_enable=\"false\" data-particle-mobile-disabled=\"false\" class=\"elementor-element elementor-element-acd42f1 e-con-full e-flex e-con e-child\" data-id=\"acd42f1\" data-element_type=\"container\" data-e-type=\"container\" data-settings=\"{&quot;jet_parallax_layout_list&quot;:[]}\">\n\t\t\t\t<div class=\"elementor-element elementor-element-4881756 elementor-widget elementor-widget-text-editor\" data-id=\"4881756\" data-element_type=\"widget\" data-e-type=\"widget\" data-widget_type=\"text-editor.default\">\n\t\t\t\t\t\t\t\t\t<p>Esse achatamento craniano decorre de uma press\u00e3o cont\u00ednua sobre o cr\u00e2nio, e se tornou mais frequente ap\u00f3s o aconselhamento, em 1992, por parte da Associa\u00e7\u00e3o Americana de Pediatria para que o beb\u00ea fosse posicionado de barriga para cima na hora de dormir, como preven\u00e7\u00e3o da s\u00edndrome de morte s\u00fabita do rec\u00e9m-nascido.<\/p><p>\u00a0<\/p><p>Trata-se de deformidade relativamente comum que pode estar associada tamb\u00e9m \u00e0 prematuridade e ao torcicolo cong\u00eanito, mas \u00e9 principalmente relacionada a uma posi\u00e7\u00e3o viciosa no ber\u00e7o, como dito anteriormente. Faz diagn\u00f3stico diferencial com a plagiocefalia posterior verdadeira, na qual uma sutura lambd\u00f3ide est\u00e1 fusionada.<\/p><p>Apesar da forma alterada, todas as suturas cranianas se encontram abertas, permitindo o livre crescimento do c\u00e9rebro, o que torna pouco prov\u00e1vel que exista algum tipo de comprometimento cognitivo e de desenvolvimento mental nas crian\u00e7as acometidas. A cabe\u00e7a parece um paralelogramo, com achatamento do lado de contato mais prolongado no leito, levando a um abaulamento frontal do mesmo lado. A orelha \u00e9 deslocada anteriormente, ao contr\u00e1rio do que ocorre em uma Plagiocefalia posteiror verdadeira, em que a orelha \u00e9 deslocada posteriormente, tracionada pela fus\u00e3o prematura da sutura lambd\u00f3ide. O tratamento geralmente \u00e9 cl\u00ednico, com mudan\u00e7as posturais no ber\u00e7o \u00e0 noite e no per\u00edodo diurno e fisioterapia. Em alguns casos de deformidades cranianas mais graves ou quando n\u00e3o ocorre melhora significativa com o tratamento cl\u00ednico, pode-se lan\u00e7ar m\u00e3o do uso de \u00f3rteses, comumente conhecidas como \u201ccapacetes\u201d, que v\u00e3o ajudar no remodelamento craniano.<\/p>\t\t\t\t\t\t\t\t<\/div>\n\t\t\t\t<\/div>\n\t\t\t\t<\/div>\n\t\t\t\t<\/div>\n\t\t<div data-particle_enable=\"false\" data-particle-mobile-disabled=\"false\" class=\"elementor-element elementor-element-7ccbb11 e-con-full e-flex e-con e-child\" data-id=\"7ccbb11\" data-element_type=\"container\" data-e-type=\"container\" id=\"plagiocefaliaposterior\" data-settings=\"{&quot;jet_parallax_layout_list&quot;:[]}\">\n\t\t<div data-particle_enable=\"false\" data-particle-mobile-disabled=\"false\" class=\"elementor-element elementor-element-c2deaf8 e-con-full e-flex e-con e-child\" data-id=\"c2deaf8\" data-element_type=\"container\" data-e-type=\"container\" data-settings=\"{&quot;jet_parallax_layout_list&quot;:[]}\">\n\t\t<div data-particle_enable=\"false\" data-particle-mobile-disabled=\"false\" class=\"elementor-element elementor-element-0b31cd6 e-con-full e-flex e-con e-child\" data-id=\"0b31cd6\" data-element_type=\"container\" data-e-type=\"container\" data-settings=\"{&quot;jet_parallax_layout_list&quot;:[]}\">\n\t\t\t\t<div class=\"elementor-element elementor-element-72f6cb7 elementor-widget elementor-widget-jet-video\" data-id=\"72f6cb7\" data-element_type=\"widget\" data-e-type=\"widget\" data-widget_type=\"jet-video.default\">\n\t\t\t\t<div class=\"elementor-widget-container\">\n\t\t\t\t\t<div class=\"elementor-jet-video jet-elements\">\n<div class=\"jet-video jet-video--fa5-compat jet-video-aspect-ratio jet-video-aspect-ratio--16-9\" data-settings=\"{&quot;lightbox&quot;:false,&quot;autoplay&quot;:false}\"><iframe class=\"jet-video-iframe\" allowfullscreen allow=\"autoplay;encrypted-media\" title=\"youtube Video Player\" data-lazy-load=\"https:\/\/www.youtube.com\/embed\/yfWkCU1YP4k?feature=oembed&amp;start&amp;end&amp;wmode=opaque&amp;autoplay=0&amp;loop=0&amp;controls=1&amp;mute=0&amp;rel=0&amp;modestbranding=0\"><\/iframe>\n<div class=\"jet-video__overlay jet-video__overlay--custom-bg\" style=\"background-image: url(https:\/\/i.ytimg.com\/vi_webp\/yfWkCU1YP4k\/hqdefault.webp);\">\n<div class=\"jet-video__play-button\" role=\"button\" tabindex=\"0\" aria-label=\"Video play button\"><span class=\"jet-elements-icon jet-video__play-button-icon\"><svg aria-hidden=\"true\" class=\"e-font-icon-svg e-fas-play\" viewBox=\"0 0 448 512\" xmlns=\"http:\/\/www.w3.org\/2000\/svg\"><path d=\"M424.4 214.7L72.4 6.6C43.8-10.3 0 6.1 0 47.9V464c0 37.5 40.7 60.1 72.4 41.3l352-208c31.4-18.5 31.5-64.1 0-82.6z\"><\/path><\/svg><\/span>\t<span class=\"elementor-screen-only\">Play Video<\/span>\n<\/div>\n<\/div>\n<\/div>\n<\/div>\t\t\t\t<\/div>\n\t\t\t\t<\/div>\n\t\t\t\t<\/div>\n\t\t<div data-particle_enable=\"false\" data-particle-mobile-disabled=\"false\" class=\"elementor-element elementor-element-03439af e-con-full e-flex e-con e-child\" data-id=\"03439af\" data-element_type=\"container\" data-e-type=\"container\" data-settings=\"{&quot;jet_parallax_layout_list&quot;:[]}\">\n\t\t\t\t<div class=\"elementor-element elementor-element-e04be12 elementor-widget elementor-widget-heading\" data-id=\"e04be12\" data-element_type=\"widget\" data-e-type=\"widget\" data-widget_type=\"heading.default\">\n\t\t\t\t\t<h2 class=\"elementor-heading-title elementor-size-default\">Plagiocefalia posterior\n<\/h2>\t\t\t\t<\/div>\n\t\t\t\t<div class=\"elementor-element elementor-element-ae4dc49 elementor-widget elementor-widget-text-editor\" data-id=\"ae4dc49\" data-element_type=\"widget\" data-e-type=\"widget\" data-widget_type=\"text-editor.default\">\n\t\t\t\t\t\t\t\t\t<p>S\u00e3o cranioestenoses muito raras, que ocorrem pelo fechamento da sutura lambd\u00f3ide unilateral. Ocorre um achatamento do lado da sutura acometida, levando \u00e0 forma\u00e7\u00e3o de uma bossa frontal contralateral compensat\u00f3ria. Geralmente se observa um deslocamento posterior da orelha no lado acometido. Sua incid\u00eancia \u00e9 desconhecida, mas estima-se que seja inferior a 1:50.000 nascidos vivos. Trata-se, portanto, de uma cranioestenose extremamente rara. Apesar de ser infrequente, a import\u00e2ncia do seu diagn\u00f3stico reside, principalmente, no fato de fazer diagn\u00f3stico diferencial com a plagiocefalia posicional ou deformante, uma causa muito comum de deformidade craniana, geralmente associada a uma posi\u00e7\u00e3o viciosa do beb\u00ea no leito e que ser\u00e1 discutida em outro t\u00f3pico.<\/p>\t\t\t\t\t\t\t\t<\/div>\n\t\t\t\t<div class=\"elementor-element elementor-element-a12dfac elementor-widget elementor-widget-image\" data-id=\"a12dfac\" data-element_type=\"widget\" data-e-type=\"widget\" data-widget_type=\"image.default\">\n\t\t\t\t\t\t\t\t\t\t\t\t\t\t\t<img loading=\"lazy\" decoding=\"async\" width=\"600\" height=\"209\" src=\"https:\/\/clariceabreu.com.br\/wp-content\/uploads\/2025\/07\/Plagiocefalia-posterior1.jpg\" class=\"attachment-large size-large wp-image-3952\" alt=\"Suturas lambd\u00f3ides assinaladas e esquema de uma plagiocefalia posterior mostrando o crescimento compensat\u00f3rio atrav\u00e9s das suturas n\u00e3o acometidas\" srcset=\"https:\/\/clariceabreu.com.br\/wp-content\/uploads\/2025\/07\/Plagiocefalia-posterior1.jpg 600w, https:\/\/clariceabreu.com.br\/wp-content\/uploads\/2025\/07\/Plagiocefalia-posterior1-300x105.jpg 300w\" sizes=\"(max-width: 600px) 100vw, 600px\" \/>\t\t\t\t\t\t\t\t\t\t\t\t\t\t\t<\/div>\n\t\t\t\t<\/div>\n\t\t\t\t<\/div>\n\t\t\t\t<\/div>\n\t\t<div data-particle_enable=\"false\" data-particle-mobile-disabled=\"false\" class=\"elementor-element elementor-element-dc32e85 e-con-full e-flex e-con e-child\" data-id=\"dc32e85\" data-element_type=\"container\" data-e-type=\"container\" id=\"trigonocefalia\" data-settings=\"{&quot;jet_parallax_layout_list&quot;:[]}\">\n\t\t<div data-particle_enable=\"false\" data-particle-mobile-disabled=\"false\" class=\"elementor-element elementor-element-8ede7d9 e-con-full e-flex e-con e-child\" data-id=\"8ede7d9\" data-element_type=\"container\" data-e-type=\"container\" data-settings=\"{&quot;jet_parallax_layout_list&quot;:[]}\">\n\t\t<div data-particle_enable=\"false\" data-particle-mobile-disabled=\"false\" class=\"elementor-element elementor-element-f445f34 e-con-full e-flex e-con e-child\" data-id=\"f445f34\" data-element_type=\"container\" data-e-type=\"container\" data-settings=\"{&quot;jet_parallax_layout_list&quot;:[]}\">\n\t\t\t\t<div class=\"elementor-element elementor-element-0e3a0ee elementor-widget elementor-widget-jet-video\" data-id=\"0e3a0ee\" data-element_type=\"widget\" data-e-type=\"widget\" data-widget_type=\"jet-video.default\">\n\t\t\t\t<div class=\"elementor-widget-container\">\n\t\t\t\t\t<div class=\"elementor-jet-video jet-elements\">\n<div class=\"jet-video jet-video--fa5-compat jet-video-aspect-ratio jet-video-aspect-ratio--16-9\" data-settings=\"{&quot;lightbox&quot;:false,&quot;autoplay&quot;:false}\"><iframe class=\"jet-video-iframe\" allowfullscreen allow=\"autoplay;encrypted-media\" title=\"youtube Video Player\" data-lazy-load=\"https:\/\/www.youtube.com\/embed\/okcxI64itnQ?feature=oembed&amp;start&amp;end&amp;wmode=opaque&amp;autoplay=0&amp;loop=0&amp;controls=1&amp;mute=0&amp;rel=0&amp;modestbranding=0\"><\/iframe>\n<div class=\"jet-video__overlay jet-video__overlay--custom-bg\" style=\"background-image: url(https:\/\/i.ytimg.com\/vi_webp\/okcxI64itnQ\/maxresdefault.webp);\">\n<div class=\"jet-video__play-button\" role=\"button\" tabindex=\"0\" aria-label=\"Video play button\"><span class=\"jet-elements-icon jet-video__play-button-icon\"><svg aria-hidden=\"true\" class=\"e-font-icon-svg e-fas-play\" viewBox=\"0 0 448 512\" xmlns=\"http:\/\/www.w3.org\/2000\/svg\"><path d=\"M424.4 214.7L72.4 6.6C43.8-10.3 0 6.1 0 47.9V464c0 37.5 40.7 60.1 72.4 41.3l352-208c31.4-18.5 31.5-64.1 0-82.6z\"><\/path><\/svg><\/span>\t<span class=\"elementor-screen-only\">Play Video<\/span>\n<\/div>\n<\/div>\n<\/div>\n<\/div>\t\t\t\t<\/div>\n\t\t\t\t<\/div>\n\t\t\t\t<\/div>\n\t\t<div data-particle_enable=\"false\" data-particle-mobile-disabled=\"false\" class=\"elementor-element elementor-element-d35744f e-con-full e-flex e-con e-child\" data-id=\"d35744f\" data-element_type=\"container\" data-e-type=\"container\" data-settings=\"{&quot;jet_parallax_layout_list&quot;:[]}\">\n\t\t\t\t<div class=\"elementor-element elementor-element-0110de4 elementor-widget elementor-widget-heading\" data-id=\"0110de4\" data-element_type=\"widget\" data-e-type=\"widget\" data-widget_type=\"heading.default\">\n\t\t\t\t\t<h2 class=\"elementor-heading-title elementor-size-default\">Trigonocefalia\n<\/h2>\t\t\t\t<\/div>\n\t\t\t\t<div class=\"elementor-element elementor-element-21881fe elementor-widget elementor-widget-text-editor\" data-id=\"21881fe\" data-element_type=\"widget\" data-e-type=\"widget\" data-widget_type=\"text-editor.default\">\n\t\t\t\t\t\t\t\t\t<div class=\"elementor-element elementor-element-f5b5cda elementor-widget elementor-widget-text-editor\" data-id=\"f5b5cda\" data-element_type=\"widget\" data-widget_type=\"text-editor.default\"><div class=\"elementor-widget-container\">A trigonocefalia corresponde ao fechamento precoce da sutura met\u00f3pica. A fronte \u00e9 estreita, marcada por uma crista mediana e apontada anteriormente como a proa de um barco, levando a uma forma triangular ou em quilha caracter\u00edstica da fronte. As bossas frontais s\u00e3o apagadas. Est\u00e1 associado comumente um hipotelorismo (aproxima\u00e7\u00e3o das \u00f3rbitas) e um estreitamento de toda a face. \u00c9 mais comum no g\u00eanero masculino (2,5:1) e sua incid\u00eancia ocorre entre 1 para 2.500 e 1 para 3.500 nascimentos. Existe uma correla\u00e7\u00e3o entre trigonocefalia e o uso de \u00e1cido valpr\u00f3ico durante a gesta\u00e7\u00e3o. \u00c9 a cranioestenose de sutura \u00fanica mais comumente associada a anomalias cromossomiais e estudos de resson\u00e2ncia magn\u00e9tica mostram diminui\u00e7\u00e3o do fluxo sangu\u00edneo cerebral na \u00e1rea frontal, o que pode ser relacionado aos atrasos de aprendizado comumente vistos nos pacientes portadores dessa cranioestenose.<\/div><\/div><div class=\"elementor-element elementor-element-fbbeadf elementor-arrows-position-inside elementor-widget elementor-widget-image-carousel\" data-id=\"fbbeadf\" data-element_type=\"widget\" data-settings=\"{&quot;slides_to_show&quot;:&quot;1&quot;,&quot;navigation&quot;:&quot;arrows&quot;,&quot;autoplay&quot;:&quot;yes&quot;,&quot;pause_on_hover&quot;:&quot;yes&quot;,&quot;pause_on_interaction&quot;:&quot;yes&quot;,&quot;autoplay_speed&quot;:5000,&quot;infinite&quot;:&quot;yes&quot;,&quot;effect&quot;:&quot;slide&quot;,&quot;speed&quot;:500}\" data-widget_type=\"image-carousel.default\"><div class=\"elementor-widget-container\"><div class=\"elementor-image-carousel-wrapper swiper-container swiper-container-initialized swiper-container-horizontal\" dir=\"ltr\"><div class=\"elementor-image-carousel swiper-wrapper\"><div class=\"swiper-slide swiper-slide-duplicate swiper-slide-next swiper-slide-duplicate-prev\" data-swiper-slide-index=\"1\">\u00a0<\/div><\/div><\/div><\/div><\/div>\t\t\t\t\t\t\t\t<\/div>\n\t\t\t\t<div class=\"elementor-element elementor-element-5e449ed elementor-arrows-position-inside elementor-pagination-position-outside elementor-widget elementor-widget-image-carousel\" data-id=\"5e449ed\" data-element_type=\"widget\" data-e-type=\"widget\" data-settings=\"{&quot;navigation&quot;:&quot;both&quot;,&quot;autoplay&quot;:&quot;yes&quot;,&quot;pause_on_hover&quot;:&quot;yes&quot;,&quot;pause_on_interaction&quot;:&quot;yes&quot;,&quot;autoplay_speed&quot;:5000,&quot;infinite&quot;:&quot;yes&quot;,&quot;speed&quot;:500}\" data-widget_type=\"image-carousel.default\">\n\t\t\t\t\t\t\t<div class=\"elementor-image-carousel-wrapper swiper\" role=\"region\" aria-roledescription=\"carousel\" aria-label=\"Carrossel de imagens\" dir=\"ltr\">\n\t\t\t<div class=\"elementor-image-carousel swiper-wrapper\" aria-live=\"off\">\n\t\t\t\t\t\t\t\t<div class=\"swiper-slide\" role=\"group\" aria-roledescription=\"slide\" aria-label=\"1 of 2\"><figure class=\"swiper-slide-inner\"><img decoding=\"async\" class=\"swiper-slide-image\" src=\"https:\/\/clariceabreu.com.br\/wp-content\/uploads\/2025\/07\/Trigonocefalia1-150x150.jpg\" alt=\"Esquema e aspecto tomogr\u00e1fico de uma trigonocefalia, com fechamento precoce da sutura met\u00f3pica e aspecto triangular da fronte\" \/><\/figure><\/div><div class=\"swiper-slide\" role=\"group\" aria-roledescription=\"slide\" aria-label=\"2 of 2\"><figure class=\"swiper-slide-inner\"><img decoding=\"async\" class=\"swiper-slide-image\" src=\"https:\/\/clariceabreu.com.br\/wp-content\/uploads\/2025\/07\/Trigonocefalia2-150x150.jpg\" alt=\"Paciente da Dra. Clarice Abreu\" \/><\/figure><\/div>\t\t\t<\/div>\n\t\t\t\t\t\t\t\t\t\t\t\t<div class=\"elementor-swiper-button elementor-swiper-button-prev\" role=\"button\" tabindex=\"0\">\n\t\t\t\t\t\t<svg aria-hidden=\"true\" class=\"e-font-icon-svg e-eicon-chevron-left\" viewBox=\"0 0 1000 1000\" xmlns=\"http:\/\/www.w3.org\/2000\/svg\"><path d=\"M646 125C629 125 613 133 604 142L308 442C296 454 292 471 292 487 292 504 296 521 308 533L604 854C617 867 629 875 646 875 663 875 679 871 692 858 704 846 713 829 713 812 713 796 708 779 692 767L438 487 692 225C700 217 708 204 708 187 708 171 704 154 692 142 675 129 663 125 646 125Z\"><\/path><\/svg>\t\t\t\t\t<\/div>\n\t\t\t\t\t<div class=\"elementor-swiper-button elementor-swiper-button-next\" role=\"button\" tabindex=\"0\">\n\t\t\t\t\t\t<svg aria-hidden=\"true\" class=\"e-font-icon-svg e-eicon-chevron-right\" viewBox=\"0 0 1000 1000\" xmlns=\"http:\/\/www.w3.org\/2000\/svg\"><path d=\"M696 533C708 521 713 504 713 487 713 471 708 454 696 446L400 146C388 133 375 125 354 125 338 125 325 129 313 142 300 154 292 171 292 187 292 204 296 221 308 233L563 492 304 771C292 783 288 800 288 817 288 833 296 850 308 863 321 871 338 875 354 875 371 875 388 867 400 854L696 533Z\"><\/path><\/svg>\t\t\t\t\t<\/div>\n\t\t\t\t\n\t\t\t\t\t\t\t\t\t<div class=\"swiper-pagination\"><\/div>\n\t\t\t\t\t\t\t\t\t<\/div>\n\t\t\t\t\t\t<\/div>\n\t\t\t\t<\/div>\n\t\t\t\t<\/div>\n\t\t\t\t<\/div>\n\t\t\t\t\t<\/div>\n\t\t\t\t<\/div>\n\t\t<div data-particle_enable=\"false\" data-particle-mobile-disabled=\"false\" class=\"elementor-element elementor-element-cbb8ead e-con-full e-flex e-con e-parent\" data-id=\"cbb8ead\" data-element_type=\"container\" data-e-type=\"container\" data-settings=\"{&quot;background_background&quot;:&quot;gradient&quot;,&quot;jet_parallax_layout_list&quot;:[]}\">\n\t\t<div data-particle_enable=\"false\" data-particle-mobile-disabled=\"false\" class=\"elementor-element elementor-element-6ba72ed e-flex e-con-boxed e-con e-child\" data-id=\"6ba72ed\" data-element_type=\"container\" data-e-type=\"container\" data-settings=\"{&quot;jet_parallax_layout_list&quot;:[]}\">\n\t\t\t\t\t<div class=\"e-con-inner\">\n\t\t<div data-particle_enable=\"false\" data-particle-mobile-disabled=\"false\" class=\"elementor-element elementor-element-e66d188 e-con-full e-flex e-con e-child\" data-id=\"e66d188\" data-element_type=\"container\" data-e-type=\"container\" data-settings=\"{&quot;jet_parallax_layout_list&quot;:[]}\">\n\t\t\t\t<div class=\"elementor-element elementor-element-530e0bb elementor-widget elementor-widget-jet-headline\" data-id=\"530e0bb\" data-element_type=\"widget\" data-e-type=\"widget\" data-widget_type=\"jet-headline.default\">\n\t\t\t\t<div class=\"elementor-widget-container\">\n\t\t\t\t\t<h2 class=\"jet-headline jet-headline--direction-horizontal\"><span class=\"jet-headline__part jet-headline__first\"><span class=\"jet-headline__label\">V\u00eddeos<\/span><\/span><span class=\"jet-headline__space\">&nbsp;<\/span><span class=\"jet-headline__part jet-headline__second\"><span class=\"jet-headline__label\">sobre o Tema<\/span><\/span><\/h2>\t\t\t\t<\/div>\n\t\t\t\t<\/div>\n\t\t\t\t<div class=\"elementor-element elementor-element-f71433a elementor-widget elementor-widget-jet-blog-video-playlist\" data-id=\"f71433a\" data-element_type=\"widget\" data-e-type=\"widget\" data-widget_type=\"jet-blog-video-playlist.default\">\n\t\t\t\t<div class=\"elementor-widget-container\">\n\t\t\t\t\t<div class=\"elementor-jet-blog-video-playlist jet-blog\"><div class=\"jet-blog-playlist jet-tumbs-horizontal jet-tumbs-v-pos- jet-tumbs-h-pos-bottom jet-scroll-regular\"  data-hide-index='&quot;&quot;' data-hide-duration='&quot;&quot;' data-hide-image='&quot;&quot;'>\n\t<div class=\"jet-blog-playlist__canvas\"><div class=\"jet-blog-playlist__canvas-overlay\"><\/div><\/div>\n\t<div class=\"jet-blog-playlist__items\">\n\t\t<div class=\"jet-blog-playlist__heading\">\n\t<span class=\"jet-blog-playlist__heading-icon jet-blog-icon\"><svg aria-hidden=\"true\" class=\"e-font-icon-svg e-fas-play\" viewBox=\"0 0 448 512\" xmlns=\"http:\/\/www.w3.org\/2000\/svg\"><path d=\"M424.4 214.7L72.4 6.6C43.8-10.3 0 6.1 0 47.9V464c0 37.5 40.7 60.1 72.4 41.3l352-208c31.4-18.5 31.5-64.1 0-82.6z\"><\/path><\/svg><\/span>\t<div class=\"jet-blog-playlist__heading-content\">\n\t\t<div class=\"jet-blog-playlist__heading-title\">Sobre Cranioestenose ou Craniossinostose<\/div>\t\t<div class=\"jet-blog-playlist__counter\"><span class=\"jet-blog-playlist__counter-val\">1<\/span>\/6 <span class=\"jet-blog-playlist__counter-suffix\">videos<\/span><\/div>\t<\/div>\n<\/div>\n\t\t<div class=\"jet-blog-playlist__items-list\">\n\t\t\t<div class=\"jet-blog-playlist__items-list-content\"><div class=\"jet-blog-playlist__item jet-blog-active\"  data-id='e9bc4a6' data-video_id='jdoscjAKWMY' data-provider='youtube' data-html='&quot;&lt;iframe width=\\&quot;100%\\&quot; height=\\&quot;450\\&quot; src=\\&quot;https:\\\/\\\/www.youtube.com\\\/embed\\\/jdoscjAKWMY?feature=oembed&amp;enablejsapi=1\\&quot; frameborder=\\&quot;0\\&quot; allow=\\&quot;accelerometer; autoplay; clipboard-write; encrypted-media; gyroscope; picture-in-picture; web-share\\&quot; referrerpolicy=\\&quot;strict-origin-when-cross-origin\\&quot; allowfullscreen title=\\&quot;Dra. Clarice Abreu - Cranioestenoses | Principais informa\\u00e7\\u00f5es\\&quot;&gt;&lt;\\\/iframe&gt;&quot;' data-height='450' data-video_index='1' data-video_start='0'><div class=\"jet-blog-playlist__item-index\">\n\t<div class=\"jet-blog-playlist__item-index-num\">1<\/div>\n\t<div class=\"jet-blog-playlist__item-status jet-status-playing\"><i class=\"fas fa-play\" aria-hidden=\"true\"><\/i><\/div>\n\t<div class=\"jet-blog-playlist__item-status jet-status-paused\"><i class=\"fas fa-pause\" aria-hidden=\"true\"><\/i><\/div>\n<\/div>\n<div class=\"jet-blog-playlist__item-thumb\">\n\t<img\n\t\tsrc=\"https:\/\/i.ytimg.com\/vi\/jdoscjAKWMY\/hqdefault.jpg\"\n\t\talt=\"Braquicefalia\"\n\t\ttitle=\"Braquicefalia\"\n\t\tclass=\"jet-blog-playlist__item-thumb-img\">\n<\/div><div class=\"jet-blog-playlist__item-content\"><div class=\"jet-blog-playlist__item-title\">\n\tBraquicefalia<\/div><div class=\"jet-blog-playlist__item-duration\">16:57<\/div><\/div><\/div><div class=\"jet-blog-playlist__item\"  data-id='3f3e23b' data-video_id='mWT0JK9ArYo' data-provider='youtube' data-html='&quot;&lt;iframe width=\\&quot;100%\\&quot; height=\\&quot;450\\&quot; src=\\&quot;https:\\\/\\\/www.youtube.com\\\/embed\\\/mWT0JK9ArYo?start=1&amp;feature=oembed&amp;enablejsapi=1\\&quot; frameborder=\\&quot;0\\&quot; allow=\\&quot;accelerometer; autoplay; clipboard-write; encrypted-media; gyroscope; picture-in-picture; web-share\\&quot; referrerpolicy=\\&quot;strict-origin-when-cross-origin\\&quot; allowfullscreen title=\\&quot;CRANIOESTENOSE: O QUE \\u00c9 ESCAFOCEFALIA? | Dra. Clarice Abreu |\\&quot;&gt;&lt;\\\/iframe&gt;&quot;' data-height='450' data-video_index='2' data-video_start='0'><div class=\"jet-blog-playlist__item-index\">\n\t<div class=\"jet-blog-playlist__item-index-num\">2<\/div>\n\t<div class=\"jet-blog-playlist__item-status jet-status-playing\"><i class=\"fas fa-play\" aria-hidden=\"true\"><\/i><\/div>\n\t<div class=\"jet-blog-playlist__item-status jet-status-paused\"><i class=\"fas fa-pause\" aria-hidden=\"true\"><\/i><\/div>\n<\/div>\n<div class=\"jet-blog-playlist__item-thumb\">\n\t<img\n\t\tsrc=\"https:\/\/i.ytimg.com\/vi\/mWT0JK9ArYo\/hqdefault.jpg\"\n\t\talt=\"Escafocefalia\"\n\t\ttitle=\"Escafocefalia\"\n\t\tclass=\"jet-blog-playlist__item-thumb-img\">\n<\/div><div class=\"jet-blog-playlist__item-content\"><div class=\"jet-blog-playlist__item-title\">\n\tEscafocefalia<\/div><div class=\"jet-blog-playlist__item-duration\">03:38<\/div><\/div><\/div><div class=\"jet-blog-playlist__item\"  data-id='99c6742' data-video_id='WTdYQFM7gdM' data-provider='youtube' data-html='&quot;&lt;iframe width=\\&quot;100%\\&quot; height=\\&quot;450\\&quot; src=\\&quot;https:\\\/\\\/www.youtube.com\\\/embed\\\/WTdYQFM7gdM?start=1&amp;feature=oembed&amp;enablejsapi=1\\&quot; frameborder=\\&quot;0\\&quot; allow=\\&quot;accelerometer; autoplay; clipboard-write; encrypted-media; gyroscope; picture-in-picture; web-share\\&quot; referrerpolicy=\\&quot;strict-origin-when-cross-origin\\&quot; allowfullscreen title=\\&quot;Dra. Clarice - Plagiocefalia Anterior &amp; \\u00f3rbita de arlequim\\&quot;&gt;&lt;\\\/iframe&gt;&quot;' data-height='450' data-video_index='3' data-video_start='0'><div class=\"jet-blog-playlist__item-index\">\n\t<div class=\"jet-blog-playlist__item-index-num\">3<\/div>\n\t<div class=\"jet-blog-playlist__item-status jet-status-playing\"><i class=\"fas fa-play\" aria-hidden=\"true\"><\/i><\/div>\n\t<div class=\"jet-blog-playlist__item-status jet-status-paused\"><i class=\"fas fa-pause\" aria-hidden=\"true\"><\/i><\/div>\n<\/div>\n<div class=\"jet-blog-playlist__item-thumb\">\n\t<img\n\t\tsrc=\"https:\/\/i.ytimg.com\/vi\/WTdYQFM7gdM\/hqdefault.jpg\"\n\t\talt=\"Plagiocefalia anterior\"\n\t\ttitle=\"Plagiocefalia anterior\"\n\t\tclass=\"jet-blog-playlist__item-thumb-img\">\n<\/div><div class=\"jet-blog-playlist__item-content\"><div class=\"jet-blog-playlist__item-title\">\n\tPlagiocefalia anterior<\/div><div class=\"jet-blog-playlist__item-duration\">03:07<\/div><\/div><\/div><div class=\"jet-blog-playlist__item\"  data-id='e9735c9' data-video_id='peBtf7KIS-Q' data-provider='youtube' data-html='&quot;&lt;iframe width=\\&quot;100%\\&quot; height=\\&quot;450\\&quot; src=\\&quot;https:\\\/\\\/www.youtube.com\\\/embed\\\/peBtf7KIS-Q?feature=oembed&amp;enablejsapi=1\\&quot; frameborder=\\&quot;0\\&quot; allow=\\&quot;accelerometer; autoplay; clipboard-write; encrypted-media; gyroscope; picture-in-picture; web-share\\&quot; referrerpolicy=\\&quot;strict-origin-when-cross-origin\\&quot; allowfullscreen title=\\&quot;Dra. Clarice Abreu - Plagiocefalia Posicional\\&quot;&gt;&lt;\\\/iframe&gt;&quot;' data-height='450' data-video_index='4' data-video_start='0'><div class=\"jet-blog-playlist__item-index\">\n\t<div class=\"jet-blog-playlist__item-index-num\">4<\/div>\n\t<div class=\"jet-blog-playlist__item-status jet-status-playing\"><i class=\"fas fa-play\" aria-hidden=\"true\"><\/i><\/div>\n\t<div class=\"jet-blog-playlist__item-status jet-status-paused\"><i class=\"fas fa-pause\" aria-hidden=\"true\"><\/i><\/div>\n<\/div>\n<div class=\"jet-blog-playlist__item-thumb\">\n\t<img\n\t\tsrc=\"https:\/\/i.ytimg.com\/vi\/peBtf7KIS-Q\/hqdefault.jpg\"\n\t\talt=\"Plagiocefalia posicional\"\n\t\ttitle=\"Plagiocefalia posicional\"\n\t\tclass=\"jet-blog-playlist__item-thumb-img\">\n<\/div><div class=\"jet-blog-playlist__item-content\"><div class=\"jet-blog-playlist__item-title\">\n\tPlagiocefalia posicional<\/div><div class=\"jet-blog-playlist__item-duration\">10:01<\/div><\/div><\/div><div class=\"jet-blog-playlist__item\"  data-id='0a00abe' data-video_id='MT_jBzxCzPI' data-provider='youtube' data-html='&quot;&lt;iframe width=\\&quot;100%\\&quot; height=\\&quot;450\\&quot; src=\\&quot;https:\\\/\\\/www.youtube.com\\\/embed\\\/MT_jBzxCzPI?feature=oembed&amp;enablejsapi=1\\&quot; frameborder=\\&quot;0\\&quot; allow=\\&quot;accelerometer; autoplay; clipboard-write; encrypted-media; gyroscope; picture-in-picture; web-share\\&quot; referrerpolicy=\\&quot;strict-origin-when-cross-origin\\&quot; allowfullscreen title=\\&quot;Dra. Clarice Abreu - Cranioestenose relacionada \\u00e0 sutura lambd\\u00f3ide\\&quot;&gt;&lt;\\\/iframe&gt;&quot;' data-height='450' data-video_index='5' data-video_start='0'><div class=\"jet-blog-playlist__item-index\">\n\t<div class=\"jet-blog-playlist__item-index-num\">5<\/div>\n\t<div class=\"jet-blog-playlist__item-status jet-status-playing\"><i class=\"fas fa-play\" aria-hidden=\"true\"><\/i><\/div>\n\t<div class=\"jet-blog-playlist__item-status jet-status-paused\"><i class=\"fas fa-pause\" aria-hidden=\"true\"><\/i><\/div>\n<\/div>\n<div class=\"jet-blog-playlist__item-thumb\">\n\t<img\n\t\tsrc=\"https:\/\/i.ytimg.com\/vi\/MT_jBzxCzPI\/hqdefault.jpg\"\n\t\talt=\"Plagiocefalia posterior\"\n\t\ttitle=\"Plagiocefalia posterior\"\n\t\tclass=\"jet-blog-playlist__item-thumb-img\">\n<\/div><div class=\"jet-blog-playlist__item-content\"><div class=\"jet-blog-playlist__item-title\">\n\tPlagiocefalia posterior<\/div><div class=\"jet-blog-playlist__item-duration\">02:47<\/div><\/div><\/div><div class=\"jet-blog-playlist__item\"  data-id='af83434' data-video_id='okcxI64itnQ' data-provider='youtube' data-html='&quot;&lt;iframe width=\\&quot;100%\\&quot; height=\\&quot;450\\&quot; src=\\&quot;https:\\\/\\\/www.youtube.com\\\/embed\\\/okcxI64itnQ?feature=oembed&amp;enablejsapi=1\\&quot; frameborder=\\&quot;0\\&quot; allow=\\&quot;accelerometer; autoplay; clipboard-write; encrypted-media; gyroscope; picture-in-picture; web-share\\&quot; referrerpolicy=\\&quot;strict-origin-when-cross-origin\\&quot; allowfullscreen title=\\&quot;Dra. Clarice Abreu - Trigonocefalia | Caracter\\u00edsticas principais\\&quot;&gt;&lt;\\\/iframe&gt;&quot;' data-height='450' data-video_index='6' data-video_start='0'><div class=\"jet-blog-playlist__item-index\">\n\t<div class=\"jet-blog-playlist__item-index-num\">6<\/div>\n\t<div class=\"jet-blog-playlist__item-status jet-status-playing\"><i class=\"fas fa-play\" aria-hidden=\"true\"><\/i><\/div>\n\t<div class=\"jet-blog-playlist__item-status jet-status-paused\"><i class=\"fas fa-pause\" aria-hidden=\"true\"><\/i><\/div>\n<\/div>\n<div class=\"jet-blog-playlist__item-thumb\">\n\t<img\n\t\tsrc=\"https:\/\/i.ytimg.com\/vi\/okcxI64itnQ\/hqdefault.jpg\"\n\t\talt=\"Trigonocefalia\"\n\t\ttitle=\"Trigonocefalia\"\n\t\tclass=\"jet-blog-playlist__item-thumb-img\">\n<\/div><div class=\"jet-blog-playlist__item-content\"><div class=\"jet-blog-playlist__item-title\">\n\tTrigonocefalia<\/div><div class=\"jet-blog-playlist__item-duration\">03:23<\/div><\/div><\/div><\/div>\n\t\t<\/div>\n\t<\/div>\n<\/div><\/div>\t\t\t\t<\/div>\n\t\t\t\t<\/div>\n\t\t\t\t<div class=\"elementor-element elementor-element-fbe4047 elementor-widget elementor-widget-spacer\" data-id=\"fbe4047\" data-element_type=\"widget\" data-e-type=\"widget\" data-widget_type=\"spacer.default\">\n\t\t\t\t\t\t\t<div class=\"elementor-spacer\">\n\t\t\t<div class=\"elementor-spacer-inner\"><\/div>\n\t\t<\/div>\n\t\t\t\t\t\t<\/div>\n\t\t\t\t<\/div>\n\t\t\t\t\t<\/div>\n\t\t\t\t<\/div>\n\t\t\t\t<\/div>\n\t\t\t\t<\/div>\n\t\t","protected":false},"excerpt":{"rendered":"<p>Cranioestenose ou &nbsp;Craniossinostose Cranioestenose: Entenda a classifica\u00e7\u00e3o por sutura e suas implica\u00e7\u00f5es Braquicefalia Escafocefalia Plagiocefalia anterior Plagiocefalia posicional Plagiocefalia posterior Trigonocefalia O que &nbsp;\u00e9? O cr\u00e2nio n\u00e3o \u00e9 formado por um osso \u00fanico como se fosse um capacete, mas por \u201cplacas\u201d \u00f3sseas que s\u00e3o unidas entre si por linhas chamadas suturas. As suturas cranianas est\u00e3o [&hellip;]<\/p>\n","protected":false},"author":1,"featured_media":0,"parent":0,"menu_order":0,"comment_status":"closed","ping_status":"closed","template":"elementor_header_footer","meta":{"_seopress_robots_primary_cat":"","_seopress_titles_title":"","_seopress_titles_desc":"","_seopress_robots_index":"","footnotes":""},"class_list":["post-3912","page","type-page","status-publish","hentry"],"_links":{"self":[{"href":"https:\/\/clariceabreu.com.br\/en\/wp-json\/wp\/v2\/pages\/3912","targetHints":{"allow":["GET"]}}],"collection":[{"href":"https:\/\/clariceabreu.com.br\/en\/wp-json\/wp\/v2\/pages"}],"about":[{"href":"https:\/\/clariceabreu.com.br\/en\/wp-json\/wp\/v2\/types\/page"}],"author":[{"embeddable":true,"href":"https:\/\/clariceabreu.com.br\/en\/wp-json\/wp\/v2\/users\/1"}],"replies":[{"embeddable":true,"href":"https:\/\/clariceabreu.com.br\/en\/wp-json\/wp\/v2\/comments?post=3912"}],"version-history":[{"count":0,"href":"https:\/\/clariceabreu.com.br\/en\/wp-json\/wp\/v2\/pages\/3912\/revisions"}],"wp:attachment":[{"href":"https:\/\/clariceabreu.com.br\/en\/wp-json\/wp\/v2\/media?parent=3912"}],"curies":[{"name":"wp","href":"https:\/\/api.w.org\/{rel}","templated":true}]}}